{"id":2,"date":"2015-09-30T18:27:53","date_gmt":"2015-09-30T18:27:53","guid":{"rendered":"http:\/\/www.elcomu.cat\/?page_id=2"},"modified":"2024-10-12T07:34:41","modified_gmt":"2024-10-12T07:34:41","slug":"pagina-exemple","status":"publish","type":"page","link":"http:\/\/elcomu.cat\/es\/","title":{"rendered":"Inici"},"content":{"rendered":"<section id=\"builder-section-1443722050320\" class=\"builder-section-first builder-section builder-section-banner builder-section-next-text\" style=\"background-repeat: repeat;background-position: center center;\">\n<div class=\"builder-section-content\">\n<div class=\"builder-banner-slide content-position-none\" style=\"background-image: url(&#039;http:\/\/elcomu.cat\/wp-content\/uploads\/2015\/09\/banner-elcomu1.jpg&#039;);\">\n<div class=\"builder-banner-content\">\n<div class=\"builder-banner-inner-content\">\n\t\t\t\t\t\t\t\t\t<\/div>\n<\/p><\/div>\n<\/p><\/div>\n<\/p><\/div>\n<\/section>\n<section id=\"builder-section-1443726435729\" class=\"builder-section-prev-banner builder-section builder-section-text builder-section-next-text builder-text-columns-1\" style=\"background-repeat: repeat;background-position: center center;\">\n<div class=\"builder-section-content\">\n<div class=\"builder-text-row\">\n<div class=\"builder-text-column builder-text-column-1\" id=\"builder-section-1443726435729-column-1\">\n<div class=\"builder-text-content\">\n<h3>Sinopsis \u201cEl com\u00fan catal\u00e1n\u201d<\/h3>\n<p><a href=\"http:\/\/www.elcomu.cat\/wp-content\/uploads\/2015\/09\/llibre.png\"><img loading=\"lazy\" decoding=\"async\" class=\"size-medium wp-image-14 aligncenter\" src=\"http:\/\/www.elcomu.cat\/wp-content\/uploads\/2015\/09\/llibre-300x198.png\" alt=\"llibre\" width=\"300\" height=\"198\" srcset=\"http:\/\/elcomu.cat\/wp-content\/uploads\/2015\/09\/llibre-300x198.png 300w, http:\/\/elcomu.cat\/wp-content\/uploads\/2015\/09\/llibre.png 464w\" sizes=\"(max-width: 300px) 100vw, 300px\" \/><\/a><\/p>\n<p style=\"text-align: justify; font-size: 16px;\">\u00abEl t\u00edtulo de este libro tiene una raz\u00f3n de ser: se centra en las personas, que son las que crean todas las manifestaciones humanas, en contraposici\u00f3n con el economicismo y la veneraci\u00f3n general del poder olig\u00e1rquico, imperante de la actualidad, que las deja en un segundo plano. El com\u00fan es mucho m\u00e1s que la suma de los vecinos de un lugar, es, tambi\u00e9n, la estrecha solidaridad, surgida de la interrelaci\u00f3n y los numerosos v\u00ednculos que produjo un colectivo que, al margen de los otros poderes, en gran parte decid\u00eda su propio futuro. Si la historia no habla demasiado es <a href=\"http:\/\/elcomu.cat\/es\/llibreries\/edit-el-comu-cast\/\" rel=\"attachment wp-att-1123\"><img loading=\"lazy\" decoding=\"async\" class=\"wp-image-1123 size-medium aligncenter\" src=\"http:\/\/www.elcomu.cat\/wp-content\/uploads\/2019\/01\/edit-el-comu-cast-300x201.jpg\" alt=\"\" width=\"300\" height=\"201\" srcset=\"http:\/\/elcomu.cat\/wp-content\/uploads\/2019\/01\/edit-el-comu-cast-300x201.jpg 300w, http:\/\/elcomu.cat\/wp-content\/uploads\/2019\/01\/edit-el-comu-cast-768x513.jpg 768w, http:\/\/elcomu.cat\/wp-content\/uploads\/2019\/01\/edit-el-comu-cast-1024x684.jpg 1024w, http:\/\/elcomu.cat\/wp-content\/uploads\/2019\/01\/edit-el-comu-cast.jpg 1134w\" sizes=\"(max-width: 300px) 100vw, 300px\" \/><\/a>porque la escriben los vencedores, es decir, porque el com\u00fan perdi\u00f3. Pero, este com\u00fan es en buena parte responsable de la cultura y de la lengua que hemos heredado, y es razonable que forme parte de nuestro patrimonio hist\u00f3rico cultural, expresi\u00f3n de la identidad de un pueblo. En estas p\u00e1ginas, buscamos este reencuentro, intentando adentrarnos en la historia del com\u00fan catal\u00e1n, la historia de los que no salen en la historia.\u00bb<\/p>\n<p style=\"text-align: justify; font-size: 16px;\"><strong>Palabras clave<\/strong>: asamblea general de vecinos, concejo general, concejo abierto, universidad, bienes comunales, emprivio, alodio comunal, el com\u00fan,  solidaridades, ayuda mutua, derecho de rastrojo, derecho de rebusca, derecho de segundas hierbas.<\/p>\n<\/p><\/div>\n<\/p><\/div>\n<\/p><\/div>\n<\/p><\/div>\n<\/section>\n<section id=\"builder-section-1443723012357\" class=\"builder-section-prev-text builder-section builder-section-text builder-section-next-text builder-text-columns-2\" style=\"background-repeat: repeat;background-position: center center;\">\n<div class=\"builder-section-content\">\n<div class=\"builder-text-row\">\n<div class=\"builder-text-column builder-text-column-1\" id=\"builder-section-1443723012357-column-1\">\n<div class=\"builder-text-content\">\n<h2>Edici\u00f3n actualizada 2018 (espa\u00f1ol)<a href=\"http:\/\/www.elcomu.cat\/wp-content\/uploads\/2015\/10\/lliurament.jpg\"><br \/><img loading=\"lazy\" decoding=\"async\" class=\"size-medium wp-image-14 aligncenter\" src=\"http:\/\/www.elcomu.cat\/wp-content\/uploads\/2015\/10\/lliurament.jpg\" alt=\"llibre\" width=\"300\" height=\"198\" \/><\/a><\/h2>\n<p style=\"text-align: justify; font-size: 16px;\">El libro digital lo puedes pedir en esta <a href=\"https:\/\/cauac.org\/noticias\/pol-font-david-algarra-y-la-historia-de-los-que-no-salen-en-la-historia\/\" target=\"_blank\" rel=\"nofollow noopener\">p\u00e1gina<\/a>. Haciendo click en este <a href=\"https:\/\/cauac.org\/producto\/el-comun-catalan\/\" target=\"_blank\" rel=\"noopener noreferrer\">enlace<\/a>\u00a0podr\u00e1s hacer el pedido del libro.<\/p>\n<p><strong>EL COM\u00daN CATAL\u00c1N<\/strong><br \/><span style=\"color: #333333;\">ALGARRA BASC\u00d3N, DAVID<\/span><br \/><strong>ISBN:\u00a0<\/strong>978-84-948279-3-8<br \/><strong>editorial:<\/strong> CAUAC EDITORIAL NATIVA<br \/><strong>idioma:<\/strong>\u00a0espa\u00f1ol<br \/><strong>fecha de edici\u00f3n<\/strong>\u00a024\/12\/2018<br \/><strong>formato:<\/strong> R\u00daSTICA<br \/><strong>p\u00e1ginas:<\/strong> 360<\/p>\n<p>16 \u20ac<\/p>\n<\/p><\/div>\n<\/p><\/div>\n<div class=\"builder-text-column builder-text-column-2\" id=\"builder-section-1443723012357-column-2\">\n<div class=\"builder-text-content\">\n<h2>Edici\u00f3n 2015 (catal\u00e1n)<a href=\"http:\/\/www.elcomu.cat\/wp-content\/uploads\/2015\/10\/lliurament.jpg\"><img loading=\"lazy\" decoding=\"async\" class=\"size-medium wp-image-14 aligncenter\" src=\"http:\/\/www.elcomu.cat\/wp-content\/uploads\/2015\/10\/lliurament.jpg\" alt=\"llibre\" width=\"300\" height=\"198\" \/><\/a><\/h2>\n<p style=\"text-align: justify; font-size: 16px;\">El libro digital, con licencia Creative Commons, lo puedes pedir en esta <a href=\"http:\/\/elcomu.cat\/es\/llibre-digital\/\" rel=\"nofollow\">p\u00e1gina<\/a>. Haciendo click en este\u00a0<a href=\"https:\/\/www.invisible.coop\/historia-general\/20928-el-comu-catala.html\" target=\"_blank\" rel=\"noopener noreferrer\" data-wplink-edit=\"true\">enlace<\/a>\u00a0puedes hacer el pedido del libro en papel.<\/p>\n<p><strong>EL COM\u00da CATAL\u00c0<\/strong><br \/><span style=\"color: #333333;\">ALGARRA BASC\u00d3N, DAVID<\/span><br \/><strong>ISBN:\u00a0<\/strong>978-84-608-3126-6<br \/><strong>editorial:<\/strong> POTLATCH ED<br \/><strong>idioma:<\/strong>\u00a0catal\u00e1n<br \/><strong>fecha de edici\u00f3n<\/strong>\u00a024\/10\/2015<br \/><strong>formato:<\/strong> R\u00daSTICA<br \/><strong>p\u00e1ginas:<\/strong> 300<\/p>\n<p>12 \u20ac<\/p>\n<\/p><\/div>\n<\/p><\/div>\n<\/p><\/div>\n<div class=\"builder-text-row\">\n<div class=\"builder-text-column builder-text-column-3\" id=\"builder-section-1443723012357-column-1\">\n<div class=\"builder-text-content\">\n<p><a href=\"http:\/\/www.elcomu.cat\/wp-content\/uploads\/2015\/09\/the-diggers.png\"><img loading=\"lazy\" decoding=\"async\" class=\"size-medium wp-image-14 aligncenter\" src=\"http:\/\/www.elcomu.cat\/wp-content\/uploads\/2015\/09\/the-diggers-300x168.png\" alt=\"\" width=\"300\" height=\"168\" \/><\/a><\/p>\n<p style=\"text-align: justify; font-size: 16px;\"><a href=\"http:\/\/elcomu.cat\/es\/2015\/11\/18\/el-mon-es-va-capgirar\/\" target=\"_blank\" rel=\"noopener noreferrer\">Aqu\u00ed<\/a> pod\u00e9is escuchar\u00a0una versi\u00f3n de \u00abEl mundo se trastorn\u00f3\u00bb de Leon Roselsson, cantautor de canciones pol\u00edticas radicales. Esta canci\u00f3n, basada en la historia de los <a href=\"https:\/\/en.wikipedia.org\/wiki\/Diggers\" target=\"_blank\" rel=\"noopener noreferrer\">Diggers<\/a>, ha sido traducida y adaptada al catal\u00e1n por Joan Pedragosa y Blai Dalmau Sol\u00e9, saliendo su letra en el ep\u00edlogo del libro. Tambi\u00e9n la encontrar\u00e9is en la web <a href=\"http:\/\/blaidalmausole.net\/\" target=\"_blank\" rel=\"noopener noreferrer\">blaidalmausole.net<\/a>.<\/p>\n<p style=\"text-align: justify; font-size: 16px;\">Por otro lado, recomendamos la web hermana <a href=\"https:\/\/reconstruirelcomunal.suportmutu.org\/\" target=\"_blank\" rel=\"noopener noreferrer\">reconstruirelcomunal.net<\/a>, donde encontrar\u00e9is mucha informaci\u00f3n relacionada con los bienes comunales.<\/p>\n<\/p><\/div>\n<\/p><\/div>\n<div class=\"builder-text-column builder-text-column-4\" id=\"builder-section-1443723012357-column-2\">\n<div class=\"builder-text-content\">\n<p><a href=\"http:\/\/www.elcomu.cat\/wp-content\/uploads\/2015\/09\/vilamajor.jpg\"><img loading=\"lazy\" decoding=\"async\" class=\"size-medium wp-image-14 aligncenter\" src=\"http:\/\/www.elcomu.cat\/wp-content\/uploads\/2015\/09\/vilamajor.jpg\" alt=\"llibre\" width=\"300\" height=\"198\" \/><\/a><\/p>\n<p style=\"text-align: justify; font-size: 16px;\"><a href=\"http:\/\/elcomu.cat\/es\/esdeveniments\/\" target=\"_blank\" rel=\"noopener noreferrer\">Aqu\u00ed<\/a> iremos anunciando las pr\u00f3ximas presentaciones del libro, as\u00ed como otros acontecimientos relacionados.<\/p>\n<p style=\"text-align: justify; font-size: 16px;\">Y <a href=\"http:\/\/elcomu.cat\/es\/llibreries\/\" target=\"_blank\" rel=\"noopener noreferrer\">aqu\u00ed<\/a> tambi\u00e9n iremos anunciando las librer\u00edas donde se podr\u00e1 encontrar.<\/p>\n<p style=\"text-align: justify; font-size: 16px;\">Los medios de comunicaci\u00f3n que est\u00e9is\u00a0interesados en el libro pod\u00e9is consultar la <a href=\"http:\/\/elcomu.cat\/es\/2016\/04\/01\/nota-de-premsa\/\" target=\"_blank\" rel=\"noopener noreferrer\">nota de prensa<\/a>.<\/p>\n<p style=\"text-align: justify; font-size: 16px;\">Todos los beneficios que se logren, mediante la venta directa de la versi\u00f3n en papel de este libro, ir\u00e1n destinados a la continuidad del estudio y divulgaci\u00f3n de la historia social popular de Catalu\u00f1a.\u00a0<\/p>\n<\/p><\/div>\n<\/p><\/div>\n<\/p><\/div>\n<\/p><\/div>\n<\/section>\n<section id=\"builder-section-1446229143529\" class=\"builder-section-prev-text builder-section builder-section-text builder-section-last builder-text-columns-2\" style=\"background-repeat: repeat;background-position: center center;\">\n<div class=\"builder-section-content\">\n<div class=\"builder-text-row\">\n<div class=\"builder-text-column builder-text-column-1\" id=\"builder-section-1446229143529-column-1\">\n<div class=\"builder-text-content\">\n<h3>Noticias relacionadas<\/h3>\n<ul>\n<li><a href=\"http:\/\/www.elcomu.cat\/wp-content\/uploads\/2015\/10\/directa386.pdf\" target=\"_blank\" rel=\"noopener noreferrer\">El comunal, subsist\u00e8ncia i sostenibilitat davant la propietat privada. Col\u00b7laboraci\u00f3 al reportatge publicat al n\u00fam. 386 de la Directa.<\/a><\/li>\n<li><a href=\"http:\/\/reconstruirelcomunal.net\/el-comu-catala-la-historia-dels-que-no-surten-a-la-historia\/\" target=\"_blank\" rel=\"noopener noreferrer\">Reconstruir el comunal &#8211; El com\u00fa catal\u00e0<\/a><\/li>\n<li><a href=\"http:\/\/cooperativa.cat\/ja-ha-sortit-el-llibre-el-comu-catala-la-historia-dels-que-no-surten-a-la-historia\/\" target=\"_blank\" rel=\"noopener noreferrer\">Cooperativa Integral Catalana &#8211; Ja ha sortit el llibre &#8220;El com\u00fa catal\u00e0&#8221;<\/a><\/li>\n<li><a href=\"http:\/\/reconstruirelcomunal.net\/el-comunal-el-comu-catala\/\" target=\"_blank\" rel=\"noopener noreferrer\">Reconstruir el comunal &#8211;\u00a0El comunal (El com\u00fa catal\u00e0)<\/a><\/li>\n<li><a href=\"http:\/\/ineditviable.blogspot.com.es\/2015\/10\/el-comu-catala.html\" target=\"_blank\" rel=\"noopener noreferrer\">Ineditviable &#8211; El com\u00fa catal\u00e0<\/a><\/li>\n<li><a href=\"https:\/\/www.revolucionintegral.org\/index.php\/blog\/item\/74-el-comu-catala\" target=\"_blank\" rel=\"noopener noreferrer\">Espacio de reflexi\u00f3n sobre Revoluci\u00f3n Integral &#8211; Publicaci\u00f3n del libro &#8220;El com\u00fa catal\u00e0&#8221;<\/a><\/li>\n<li><a href=\"http:\/\/enlacesquemeinteresan.blogspot.com.es\/2015\/10\/el-comu-catala-la-historia-de-los-que.html\" target=\"_blank\" rel=\"noopener noreferrer\">Compostando en la web &#8211; La historia de los que no salen en la historia<\/a><\/li>\n<li><a href=\"http:\/\/timefortruth.es\/tag\/el-comu-catala\/\" target=\"_blank\" rel=\"noopener noreferrer\">Time for truth &#8211; Mitos sobre la Edad Media<\/a><\/li>\n<li><a href=\"http:\/\/catalunya-bol.blogspot.com.es\/2015\/11\/nou-llibre-publicat-el-comu-catala-la.html\" target=\"_blank\" rel=\"noopener noreferrer\">Catalunya-BOL &#8211; Nou llibre publicat: &#8220;EL COM\u00da CATAL\u00c0&#8221;, la hist\u00f2ria dels que no surten a la hist\u00f2ria&#8230;<\/a><\/li>\n<li><a href=\"https:\/\/josefranciscoescribanomaenza.wordpress.com\/2015\/11\/13\/el-comu-catala-2\/\" target=\"_blank\" rel=\"noopener noreferrer\">Libertad, amor y verdad &#8211; El com\u00fa catal\u00e0<\/a><\/li>\n<li><a href=\"http:\/\/pdf.blaidalmausole.net\/Cat-Dalmau_2015_Recordant%20l%27esperit%20del%20com%C3%BA%20amb%20una%20balada.pdf\" target=\"_blank\" rel=\"noopener noreferrer\">Blai Dalmau &#8211;\u00a0Recordant l&#8217;esperit del com\u00fa amb una balada<\/a><\/li>\n<li><a href=\"https:\/\/institutestudisibers.wordpress.com\/2015\/10\/20\/curs-de-llengua-i-civilitzacio-iberes-primer-taller\/\" target=\"_blank\" rel=\"noopener noreferrer\">Presentaci\u00f3 a l&#8217;Institut d&#8217;Estudis Ibers. Estudi comparat sobre la continu\u00eftat cultural iber durant l&#8217;Edat Mitjana catalana<\/a><\/li>\n<li><a href=\"http:\/\/nordestllibertari.blogspot.com\/2015\/12\/presentacio-del-llibre-el-comu-catala.html\" target=\"_blank\" rel=\"noopener noreferrer\">El com\u00fa catal\u00e0 a l&#8217;An\u00f2nims de Granollers<\/a><\/li>\n<li><a href=\"http:\/\/antropologiaimes.blogspot.com.es\/2015\/11\/el-comu.html\" target=\"_blank\" rel=\"noopener noreferrer\">Jordi Su\u00f1\u00e9\u00a0&#8211; El com\u00fa<\/a><\/li>\n<li><a href=\"http:\/\/blocs.mesvilaweb.cat\/jinglada\/?p=267781\" target=\"_blank\" rel=\"noopener noreferrer\">Joan Inglada &#8211;\u00a0L\u2019\u00abhomo eligens\u00bb<\/a><\/li>\n<li><a href=\"https:\/\/silviatomas.net\/entrevista-musicalliure-cat\/\" target=\"_blank\" rel=\"noopener noreferrer\">S\u00edlvia Tom\u00e0s &#8211; Entrevista a MusicaLliure.cat<\/a><\/li>\n<li><a href=\"https:\/\/quelquesnotesdelecture.wordpress.com\/2015\/12\/21\/el-comu-catala-la-longue-lutte-du-peuple-contre-la-spoliation-des-biens-communs\/\" target=\"_blank\" rel=\"noopener noreferrer\">\u00abEl Com\u00fa Catal\u00e0\u00bb : la longue lutte du peuple contre la spoliation des biens communs<\/a><\/li>\n<li><a href=\"http:\/\/soelarbol.blogspot.com.es\/2015\/12\/sobre-los-arboles-de-junta-y-concejo-en.html\" target=\"_blank\" rel=\"noopener noreferrer\">Sobre los \u00e1rboles de Junta y Concejo en Galiza por Jo\u00e1m Evans Pim, comunero e investigador<\/a><\/li>\n<li><a href=\"http:\/\/diaridigital.tarragona21.com\/torredembarra-presenta-el-llibre-el-comu-catala\/\" target=\"_blank\" rel=\"noopener noreferrer\">Tarragona 21 &#8211; Torredembarra presenta el llibre &#8220;El com\u00fa catal\u00e0&#8221;<\/a><\/li>\n<li><a href=\"https:\/\/web.archive.org\/web\/20170705155836\/http:\/\/pobleviu.cat\/2016\/01\/07\/prsentacio-a-torredembarra-del-comu-catala\/\" target=\"_blank\" rel=\"noopener noreferrer\">Poble viu &#8211; Presentaci\u00f3 a Torredembarra de &#8220;El com\u00fa catal\u00e0&#8221;<\/a><\/li>\n<li><a href=\"http:\/\/www.aureasocial.org\/el-comu-catala\/\" target=\"_blank\" rel=\"noopener noreferrer\">Aurea Social &#8211; El com\u00fa catal\u00e0<\/a><\/li>\n<li><a href=\"https:\/\/web.archive.org\/web\/20181001073458\/http:\/\/www.felixrodrigomora.org\/sobre-el-libro-el-comu-catala\/\" target=\"_blank\" rel=\"noopener noreferrer\">F\u00e9lix Rodrigo Mora &#8211; Sobre el libro &#8220;El com\u00fa catal\u00e0&#8221;<\/a><\/li>\n<li><a href=\"http:\/\/www.media.cat\/2016\/01\/14\/visca-la-terra-i-visca-el-bon-govern-del-comu\/\" target=\"_blank\" rel=\"noopener noreferrer\">Mediacat &#8211; Visca la terra i visca el bon govern del Com\u00fa!<\/a><\/li>\n<li><a href=\"https:\/\/eclairagespublics.wordpress.com\/2016\/01\/14\/revolucion-integral-no-quieren-reformar-la-sociedad-sino-construir-otra\/\" target=\"_blank\" rel=\"noopener noreferrer\">Revolucion integral : \u2026\u2026\u2026\u2026\u2026. No quieren reformar la sociedad, sino construir otra<\/a><\/li>\n<li><a href=\"http:\/\/blocs.mesvilaweb.cat\/jinglada\/?p=267786\" target=\"_blank\" rel=\"noopener noreferrer\">Joan Inglada &#8211; Dos dels articles m\u00e9s interessants del 2016<\/a><\/li>\n<li><a href=\"https:\/\/casalpopular.cat\/activitats\/el-com%C3%BA-catal%C3%A0-de-david-algarra\" target=\"_blank\" rel=\"noopener noreferrer\">El com\u00fa catal\u00e0 al Casal Popular de Vilafranca<\/a><\/li>\n<li><a href=\"http:\/\/www.vilafranca.org\/jsp\/agenda\/detall.jsp?id=14714\" target=\"_blank\" rel=\"noopener noreferrer\">Vilafranca.org &#8211; El com\u00fa catal\u00e0, de David Algarra<\/a><\/li>\n<li><a href=\"http:\/\/surtdecasa.cat\/penedes\/agenda\/el-comu-catala-la-historia-dels-que-no-surten-la-historia\/46604\" target=\"_blank\" rel=\"noopener noreferrer\">Surtdecasa.cat &#8211;\u00a0El com\u00fa catal\u00e0, la hist\u00f2ria dels que no surten a la hist\u00f2ria<\/a><\/li>\n<li><a href=\"http:\/\/www.canmasdeu.net\/programacio-pic-28-de-febrer-jornada-pro-autogestio-de-kan-pasqual-circ-integral-infantil-polaritat-genuino-clandestino-el-comu-catala-laboratori-de-creacio-suport-a-la-zad-concert-dum\/\" target=\"_blank\" rel=\"noopener noreferrer\">Programaci\u00f3 PIC 28 de Febrer \u2013 Jornada pro-Autogesti\u00f3 de Kan Pasqual \u2013 El Com\u00fa Catal\u00e1<\/a><\/li>\n<li><a href=\"http:\/\/www.espaicontrabandos.com\/el-comu-catala\/\" target=\"_blank\" rel=\"noopener noreferrer\">Espai Contrabandos &#8211; El Com\u00fa catal\u00e0<\/a><\/li>\n<li><a href=\"https:\/\/es.wikipedia.org\/wiki\/Miquel_Caza\u00f1a\" target=\"_blank\" rel=\"noopener noreferrer\">El pintor\u00a0Miquel Caza\u00f1a, il\u00b7lustrador del llibre &#8220;El com\u00fa catal\u00e0&#8221;<\/a><\/li>\n<li><a href=\"https:\/\/www.grupreflexioautonomia.org\/?p=214\" target=\"_blank\" rel=\"noopener noreferrer\">El Kurdistan amb Catalunya (I &#8211; Bakur).\u00a0Idees-for\u00e7a del Confederalisme Democr\u00e0tic de cara a construir una for\u00e7a revolucion\u00e0ria a Catalunya<\/a><\/li>\n<li><a href=\"http:\/\/ecoxarxagarrotxa.blogspot.com\/2016\/03\/2-dabril-presentem-el-comu-catala-la.html\" target=\"_blank\" rel=\"noopener noreferrer\">EcoXarxa Garrotxa &#8211;\u00a02 d&#8217;abril. Presentem \u00abEl com\u00fa catal\u00e0. La hist\u00f2ria dels que no surten a la hist\u00f2ria\u00bb, de David Algarra<\/a><\/li>\n<li><a href=\"http:\/\/reconstruirelcomunal.net\/lautogovern-popular-el-comu-catala\/\" target=\"_blank\" rel=\"noopener noreferrer\">Reconstruir el comunal &#8211;\u00a0L\u2019autogovern popular (El com\u00fa catal\u00e0)<\/a><\/li>\n<li><a href=\"http:\/\/podcast.r90.org\/laferadorm\/laferadormaquestanit-028.mp3\" target=\"_blank\" rel=\"noopener noreferrer\">R\u00e0dio 90 &#8211; La fera dorm aquesta nit &#8211; Programa sobre El com\u00fa catal\u00e0<\/a><\/li>\n<li><a href=\"http:\/\/www.racocatala.cat\/forums\/fil\/200449\/lautogovern-popular-comu-catala\" target=\"_blank\" rel=\"noopener noreferrer\">Rac\u00f3 Catal\u00e0 &#8211; L&#8217;autogovern popular (El com\u00fa catal\u00e0)<\/a><\/li>\n<li><a href=\"https:\/\/web.archive.org\/web\/20160403001025\/http:\/\/www.eldigitaldegirona.com\/esdeveniment\/david-algarra-bascon-presentara-el-seu-llibre-el-comu-catala-la-historia-dels-que-no-surten-a-la-historia\/\" target=\"_blank\" rel=\"noopener noreferrer\">El Digital de Girona &#8211;\u00a0David Algarra Basc\u00f3n presentar\u00e0 el seu llibre \u201cEl com\u00fa catal\u00e0, la hist\u00f2ria dels que no surten a la hist\u00f2ria\u201d<\/a><\/li>\n<li><a href=\"http:\/\/www.cntolot.org\/presentacions-lo-dieron-todo-las-luchas-de-marinaleda-i-el-comu-catala\/\" target=\"_blank\" rel=\"noopener noreferrer\">CNT Olot &#8211;\u00a0Presentacions: \u201cLo dieron todo, las luchas de Marinaleda\u201d i \u201cEl com\u00fa catal\u00e0\u201d.<\/a><\/li>\n<li><a href=\"http:\/\/www.naciodigital.cat\/garrotxa\/noticia\/15523\/agenda\/cap\/setmana\/garrotxa\" target=\"_blank\" rel=\"noopener noreferrer\">Naci\u00f3 Digital &#8211;\u00a0Olot: Presentaci\u00f3 del llibre &#8216;El Com\u00fa Catal\u00e0&#8217; (David Algarra)<\/a><\/li>\n<li><a href=\"http:\/\/oci.diaridegirona.cat\/agenda\/girona\/llibres\/olot\/eve-968458-presentacio-llibre-comu-catala.html\" target=\"_blank\" rel=\"noopener noreferrer\">Diari de Girona &#8211; Presentaci\u00f3 del llibre &#8216;El com\u00fa catal\u00e0&#8217;<\/a><\/li>\n<li><a href=\"http:\/\/www.agendaolot.cat\/event\/presentacio-del-llibre-el-comu-catala\/\" target=\"_blank\" rel=\"noopener noreferrer\">Agenda Olot &#8211; Presentaci\u00f3 del llibre &#8216;El com\u00fa catal\u00e0&#8217;<\/a><\/li>\n<li><a href=\"http:\/\/www.grupotortuga.com\/La-historiografia-de-la-dominacio\" target=\"_blank\" rel=\"noopener noreferrer\">Grup Antimilitarista Tortuga d&#8217;Alacant &#8211;\u00a0La historiografia de la dominaci\u00f3<\/a><\/li>\n<li><a href=\"http:\/\/www.naciodigital.cat\/ecodiari\/noticia\/9745\/comu\/catala\/quan\/pagesia\/decidia\/seu\/esdevenidor\" target=\"_blank\" rel=\"noopener noreferrer\">Ecodiari de Naci\u00f3 Digital &#8211;\u00a0\u00abEl com\u00fa catal\u00e0\u00bb, quan la pagesia decidia el seu esdevenidor<\/a><\/li>\n<li><a href=\"http:\/\/guinardo.org\/2016\/04\/el-comu-catala\/\" target=\"_blank\" rel=\"noopener noreferrer\">Barri Rocaguinarda &#8211; El com\u00fa catal\u00e0<\/a><\/li>\n<li><a href=\"http:\/\/helix3c.com\/passat-present-futur\/\" target=\"_blank\" rel=\"noopener noreferrer\">H\u00e8lix:: acci\u00f3 transformadora &#8211; Passat, present, futur<\/a><\/li>\n<li><a href=\"https:\/\/www.youtube.com\/watch?v=91XfRxzBRt8\" target=\"_blank\" rel=\"noopener noreferrer\">\u00abEl m\u00f3n es va capgirar\u00bb, balada cantada per Blai Dalmau &#8230;<\/a><\/li>\n<li><a href=\"https:\/\/screen.ly\/evento\/135\/en-todas-as-mans-aribau-multicines\/\" target=\"_blank\" rel=\"noopener noreferrer\">Pres\u00e8ncia de &#8220;El com\u00fa catal\u00e0&#8221; al col\u00b7loqui del documental &#8220;En todas as mans&#8221;<\/a><\/li>\n<li><a href=\"https:\/\/www.facebook.com\/diana.toucedo\/posts\/10208114328630511?pnref=story\" target=\"_blank\" rel=\"noopener noreferrer\">Imatges\u00a0del documental &#8220;En todas as mans&#8221; a Barcelona<\/a><\/li>\n<li><a href=\"http:\/\/ecoxarxagarrotxa.blogspot.com\/2016\/04\/la-presentacio-del-llibre-el-comu.html?utm_source=twitterfeed&amp;utm_medium=twitter\" target=\"_blank\" rel=\"noopener noreferrer\">EcoXarxa Garrotxa &#8211; La presentaci\u00f3 del llibre \u00abEl com\u00fa catal\u00e0\u00bb a la premsa digital<\/a><\/li>\n<li><a href=\"http:\/\/www.laneurosis.net\/lleida-aprendiendo-a-obedecer-en-el-sant-jordi-llibertari\/\" target=\"_blank\" rel=\"noopener noreferrer\">La Neurosis o Las Barricadas &#8211; \u201cEl com\u00fa catal\u00e0\u201d en el Sant Jordi llibertari de Lleida<\/a><\/li>\n<li><a href=\"http:\/\/plural-21.org\/post\/13344\" target=\"_blank\" rel=\"noopener noreferrer\">Plural 21 &#8211; Presentaci\u00f3 del llibre: \u00a0El com\u00fa Catal\u00e0<\/a><\/li>\n<li><a href=\"https:\/\/lagotacatalana.wordpress.com\/2016\/05\/19\/el-comu-catala-presentacio-de-llibre-divendres-20-maig\/\" target=\"_blank\" rel=\"noopener noreferrer\">La Gota Catalana &#8211;\u00a0EL COM\u00da CATAL\u00c0. Llibre molt recomanable<\/a><\/li>\n<li><a href=\"https:\/\/lagotacatalana.wordpress.com\/2016\/05\/19\/el-comu-catala-presentacio-de-llibre-divendres-20-maig\/\" target=\"_blank\" rel=\"noopener noreferrer\">La Gota Catalana &#8211;\u00a0EL COM\u00da CATAL\u00c0. Presentaci\u00f3 de llibre, divendres 20 maig<\/a><\/li>\n<li><a href=\"http:\/\/lahidra.net\/la-participacion-ciudadana-a-debate\/\" target=\"_blank\" rel=\"noopener noreferrer\">La Hidra Cooperativa &#8211; La participaci\u00f3n ciudadana a debate. Del \u2018no nos representan\u2019 al autogobierno<\/a><\/li>\n<li><a href=\"http:\/\/www.elcritic.cat\/blogs\/llibresdecontraban\/2016\/04\/20\/703\/\" target=\"_blank\" rel=\"noopener noreferrer\">Cr\u00edtic &#8211;\u00a0Trenta-un llibres de no ficci\u00f3 per estimular el contraban d\u2019idees (i 3 propostes per a la mainada)<\/a><\/li>\n<li><a href=\"http:\/\/canvies.barrisants.org\/2016\/05\/03\/si-si-si-laniversari-de-can-vies-ja-esta-aqui\/\" target=\"_blank\" rel=\"noopener noreferrer\">S\u00ed, s\u00ed, s\u00ed l\u2019aniversari de Can Vies ja est\u00e0 aqu\u00ed!!!<\/a><\/li>\n<li><a href=\"http:\/\/el3.cat\/presentacio-a-can-vies-del-llibre-el-comu-catala-la-historia-dels-que-no-surten-a-la-historia\/\" target=\"_blank\" rel=\"noopener noreferrer\">Presentaci\u00f3 a Can Vies del llibre: \u201cEl com\u00fa catal\u00e0, la hist\u00f2ria dels que no surten a la hist\u00f2ria\u201d<\/a><\/li>\n<li><a href=\"http:\/\/barcelona.indymedia.org\/newswire\/display\/504629\/index.php\" target=\"_blank\" rel=\"noopener noreferrer\">[Reconstruir el Comunal] Les solidaritats (El com\u00fa catal\u00e0)<\/a><\/li>\n<li><a href=\"http:\/\/www.grupotortuga.com\/La-Revolucion-Liberal-y-el\" target=\"_blank\" rel=\"noopener noreferrer\">Grup Antimilitarista Tortuga &#8211; Fragmento de Rafael Altamira en el libro de David Algarra, &#8220;El Com\u00fa Catal\u00e0&#8221;<\/a><\/li>\n<li><a href=\"https:\/\/www.teixidora.net\/wiki\/El_com%C3%BA_catal%C3%A0._La_hist%C3%B2ria_dels_que_no_surten_a_la_hist%C3%B2ria\" target=\"_blank\" rel=\"noopener noreferrer\">La Teixidora &#8211; El com\u00fa catal\u00e0<\/a><\/li>\n<li><a href=\"http:\/\/elblogdelajosefina.blogspot.com.es\/2016\/06\/el-comu-catala-la-historia-dels-que-no.html?m=1\" target=\"_blank\" rel=\"noopener noreferrer\">El bloc de la Josefina &#8211;\u00a0El com\u00fa catal\u00e0. La hist\u00f2ria dels que no surten a la hist\u00f2ria &#8230;Descobrir la hist\u00f2ria ocultada per les elits<\/a><\/li>\n<li><a href=\"https:\/\/www.facebook.com\/photo.php?fbid=1050149008399108&amp;set=a.491866670894014.1073741825.100002120576463&amp;type=3&amp;theater\" target=\"_blank\" rel=\"noopener noreferrer\">Carlos Taibo recomana El com\u00fa catal\u00e0<\/a><\/li>\n<li><a href=\"https:\/\/www.revolucionintegral.org\/index.php\/blog\/item\/153-entre-bastidores-reflexion-experiencial-sobre-el-comu-catala\" target=\"_blank\" rel=\"noopener noreferrer\">II Encuentro de Reflexi\u00f3n sobre Revoluci\u00f3n Integral: Entre bastidores. Reflexi\u00f3n experiencial sobre &#8220;El Com\u00fa catal\u00e0&#8221;<\/a><\/li>\n<li><a href=\"http:\/\/aladi.diba.cat\/record=b1828906~S171*cat\" target=\"_blank\" rel=\"noopener noreferrer\">&#8220;El com\u00fa catal\u00e0&#8221; ja es troba al cat\u00e0leg Alad\u00ed, el cat\u00e0leg de la xarxa de biblioteques municipals<\/a><\/li>\n<li><a href=\"http:\/\/www.fmr.cat\/projectes-i-biblioteca\/fons-bibliografic\/informebenscomunals\" target=\"_blank\" rel=\"noopener noreferrer\">&#8220;El com\u00fa catal\u00e0&#8221; referenciat a l&#8217;informe\u00a0&#8220;B\u00e9ns Comunals, un sistema d\u2019organitzaci\u00f3 del passat per gestionar el present&#8221;\u00a0impulsat per la Fundaci\u00f3 del M\u00f3n Rural (FMR) i l&#8217;Institut de Desenvolupament i Promoci\u00f3 de l&#8217;Alt Pirineu i Aran (IDAPA)<\/a><\/li>\n<li><a href=\"http:\/\/www.tortella.cat\/promocio-variable\/presentacio-del-llibre-el-comu-catala\/\" target=\"_blank\" rel=\"noopener noreferrer\">Vila de Tortell\u00e0: Presentaci\u00f3 del llibre: El Com\u00fa Catal\u00e0<\/a><\/li>\n<li><a href=\"http:\/\/www.invisible.coop\/blog\/ressenyes\/ciutatinvisible-el-comu-catala\" target=\"_blank\" rel=\"noopener noreferrer\">Ressenya de la cooperativa autogestionada La Ciutat Invisible<\/a><\/li>\n<li><a href=\"https:\/\/web.archive.org\/web\/20160901081252\/http:\/\/www.invisible.coop\/lectures-destiu\" target=\"_blank\" rel=\"noopener noreferrer\">Recomanacions invisibles d&#8217;estiu<\/a><\/li>\n<li><a href=\"http:\/\/www.vilaweb.cat\/noticies\/els-sis-llibres-de-david-fernandez-i-amalia-garrigos-per-aquestes-vacances\/\" target=\"_blank\" rel=\"noopener noreferrer\">David Fern\u00e0ndez recomana la lectura del llibre El Com\u00fa catal\u00e0<\/a><\/li>\n<li><a href=\"http:\/\/www.grupotortuga.com\/Guardia-Civil-quintes-y\" target=\"_blank\" rel=\"noopener noreferrer\">Grup Antimilitarista Tortuga:\u00a0Gu\u00e0rdia Civil, quintes i desamortitzaci\u00f3 de Madoz<\/a><\/li>\n<li><a href=\"http:\/\/reconstruirelcomunal.net\/fi-model-comunal-el-comu-catala\/\" target=\"_blank\" rel=\"noopener noreferrer\">Reconstruir el Comunal: La fi del model comunal<\/a><\/li>\n<li><a href=\"http:\/\/forumdedebats.vicentitats.cat\/diba_agenda\/david-algarra-bascon-el-comu-catala\/\" target=\"_blank\" rel=\"noopener noreferrer\">F\u00f2rum de debats de Vic:\u00a0El com\u00fa catal\u00e0<\/a><\/li>\n<li><a href=\"http:\/\/el9nou.cat\/video\/lluis-llach-david-algarra-david-algarra-jose-antonio-fernandez-barrios-i-pep-palau\/\" target=\"_blank\" rel=\"noopener noreferrer\">El9nou: Entrevista a David Algarra<\/a><\/li>\n<li><a href=\"https:\/\/web.archive.org\/web\/20190216102038\/http:\/\/malarrassa.cat\/2016\/09\/13\/el-comu-catala-la-historia-dels-que-no-surten-a-la-historia-presentacio-del-llibre-de-david-algarra-bascon\/\" target=\"_blank\" rel=\"noopener noreferrer\">Malarrassa: \u2018El com\u00fa catal\u00e0: la hist\u00f2ria dels que no surten a la hist\u00f2ria\u2019, presentaci\u00f3 del llibre de David Algarra Basc\u00f3n<\/a><\/li>\n<li><a href=\"http:\/\/terrassaalamira.blogspot.com.es\/2016\/09\/presentacio-del-llibre-el-comu-catala.html\" target=\"_blank\" rel=\"noopener noreferrer\">Terrassa a la Mira: Presentaci\u00f3 del llibre \u00abEl com\u00fa catal\u00e0\u00bb, de David Algarra<\/a><\/li>\n<li><a href=\"https:\/\/ecoxarxasaforvall.wordpress.com\/2016\/09\/09\/presentacio-del-llibre-el-comu-catala\/\" target=\"_blank\" rel=\"noopener noreferrer\">Ecoxarxa Safor-Valldigna:\u00a0Presentaci\u00f3 del llibre EL COM\u00da CATAL\u00c0<\/a><\/li>\n<li><a href=\"http:\/\/ecoxarxamarinaalta.blogspot.com.es\/2016\/09\/llibre-el-comu-catala-cso-el-moli.html\" target=\"_blank\" rel=\"noopener noreferrer\">Ecoxarxa Marina Alta:\u00a0Llibre &#8220;El Com\u00fa catal\u00e0&#8221;.<\/a><\/li>\n<li><a href=\"http:\/\/www.grupotortuga.com\/Presentacio-del-llibre-El-comu\" target=\"_blank\" rel=\"noopener noreferrer\">Presentaci\u00f3 del llibre: &#8220;El com\u00fa catal\u00e0. La hist\u00f2ria dels que no surten a la hist\u00f2ria&#8221;: Elx, dissabte 24 de setembre<\/a><\/li>\n<li><a href=\"http:\/\/www.diarideterrassa.es\/terrassa\/2016\/09\/20\/presentacion-libro-comu-catala-amics\/38107.html\" target=\"_blank\" rel=\"noopener noreferrer\">Diari de Terrassa: Presentaci\u00f3n del libro &#8220;El com\u00fa catal\u00e0&#8221; en Amics<\/a><\/li>\n<li><a href=\"http:\/\/www.vic.cat\/events\/david-algarra-bascon-el-comu-catala\" target=\"_blank\" rel=\"noopener noreferrer\">Ajuntament de Vic:\u00a0David Algarra Basc\u00f3n: El com\u00fa catal\u00e0<\/a><\/li>\n<li><a href=\"https:\/\/web.archive.org\/web\/20160927084741\/http:\/\/cantonal.net\/2016\/09\/ii-marxa-drets-socials\/\" target=\"_blank\" rel=\"noopener noreferrer\">Can Tonal:\u00a0II Marxa pels drets socials. Adhesi\u00f3 i comentari<\/a><\/li>\n<li><a href=\"https:\/\/web.archive.org\/web\/20161031181441\/http:\/\/cooperativa.cat\/12-doctubre-1a-jornada-cooperativista-darbucies\" target=\"_blank\" rel=\"noopener noreferrer\">12 d\u2019octubre: 1a Jornada Cooperativista d\u2019Arb\u00facies organitzada per la CIC<\/a><\/li>\n<li><a href=\"http:\/\/memoriadebarrilatorrassa.blogspot.com.es\/2016\/09\/el-comu-catala-la-torrassa-presentacio.html\" target=\"_blank\" rel=\"noopener noreferrer\">MEM\u00d2RIA DE BARRI DE LA TORRASSA I COLLBLANC &#8211; EL COM\u00da CATAL\u00c0 A LA TORRASSA: Presentaci\u00f3 del llibre del David Algarra<\/a><\/li>\n<li><a href=\"https:\/\/miquelcazanya.wordpress.com\/2015\/12\/02\/ilustraciones-para-el-libro-el-comu-catala\/\" target=\"_blank\" rel=\"noopener noreferrer\">Miquel Caza\u00f1a &#8211; Ilustraciones para el libro El com\u00fa catal\u00e0<\/a><\/li>\n<li><a href=\"http:\/\/revistaelsnostresbarris.blogspot.com.es\/2016\/09\/el-comu-catala-la-torrassa-presentacio.html\" target=\"_blank\" rel=\"noopener noreferrer\">Revista Els Nostres Barris &#8211;\u00a0EL COM\u00da CATAL\u00c0 A LA TORRASSA: Presentaci\u00f3 del llibre del David Algarra<\/a><\/li>\n<li><a href=\"http:\/\/www.grupotortuga.com\/Visites-pastorals-i-costums-de-la\" target=\"_blank\" rel=\"noopener noreferrer\">Grup Tortuga &#8211;\u00a0Visites pastorals i costums de la ruralitat<\/a><\/li>\n<li><a href=\"http:\/\/www.arbucies.cat\/ca\/10941\" target=\"_blank\" rel=\"noopener noreferrer\">Ajuntament d&#8217;Arb\u00facies:\u00a012 d\u2019octubre: Fira cooperativista d\u2019Arb\u00facies<\/a><\/li>\n<li><a href=\"http:\/\/www.elpuntavui.cat\/territori\/article\/10-administracions\/1011024-arbucies-celebra-el-12-doctubre-amb-una-fira-sobre-cooperativisme.html\" target=\"_blank\" rel=\"noopener noreferrer\">El Punt Avui:\u00a0Arb\u00facies celebra el 12 d&#8217;octubre amb una fira sobre cooperativisme<\/a><\/li>\n<li><a href=\"http:\/\/www.elpuntavui.cat\/territori\/article\/10-administracions\/1012175-arbucies-vol-ser-la-capital-del-cooperativisme.html\" target=\"_blank\" rel=\"noopener noreferrer\">El Punt Avui:\u00a0Arb\u00facies vol ser la capital del cooperativisme<\/a><\/li>\n<li><a href=\"http:\/\/www.elvallenc.cat\/comarques\/la-selva-del-camp-celebra-sant-galderic\/\" target=\"_blank\" rel=\"noopener noreferrer\">El Vallenc &#8211; La Selva del Camp celebra Sant Galderic<\/a><\/li>\n<li><a href=\"http:\/\/anoiadiari.cat\/agenda\/2016-10-21\/\" target=\"_blank\" rel=\"noopener noreferrer\">Anoia Diari:\u00a0Presentaci\u00f3 de llibre: El com\u00fa catal\u00e0<\/a><\/li>\n<li><a href=\"http:\/\/www.latossa.com\/antics\/717-20Octubre16-2.pdf\" target=\"_blank\" rel=\"noopener noreferrer\">L&#8217;Enlla\u00e7: Presentaci\u00f3 del llibre &#8220;El comu catal\u00e0&#8221;<\/a><\/li>\n<li><a href=\"http:\/\/surtdecasa.cat\/centre\/agenda\/presentacio-del-llibre-el-comu-catala\/66575\" target=\"_blank\" rel=\"noopener noreferrer\">Veu Anoia &#8211; SurtDeCasa &#8211; Presentaci\u00f3 del llibre &#8220;El com\u00fa catal\u00e0&#8221;<\/a><\/li>\n<li><a href=\"https:\/\/web.archive.org\/web\/20180903142435\/http:\/\/www.ricardespelt.cat\/2016\/10\/24\/la-triada-comunal-catalana\/\" target=\"_blank\" rel=\"noopener noreferrer\">Ricard Espelt: La triada comunal catalana<\/a><\/li>\n<li><a href=\"http:\/\/comunsdetortella.strikingly.com\/\" target=\"_blank\" rel=\"noopener noreferrer\">Els Comuns de Tortell\u00e0<\/a><\/li>\n<li><a href=\"http:\/\/www.santcugat.cat\/activitat\/presentacio-de-llibre-el-comu-catala-la-historia-dels-que-no-surten-a-la-historia\" target=\"_blank\" rel=\"noopener noreferrer\">Ajuntament de Sant Cugat:\u00a0Presentaci\u00f3 de llibre. &#8220;El com\u00fa catal\u00e0. La hist\u00f2ria dels que no surten a la hist\u00f2ria&#8221;<\/a><\/li>\n<li><a href=\"http:\/\/www.activitatsantcugat.com\/index.php?id_product=15196&amp;controller=product\" target=\"_blank\" rel=\"noopener noreferrer\">Activitats Sant Cugat: Presentaci\u00f3 del llibre &#8220;El com\u00fa catal\u00e0&#8221;<\/a><\/li>\n<li><a href=\"http:\/\/www.cugat.cat\/noticies\/cultura\/123630\/l_ateneu-acull-avui-la-presentacio-del-llibre-_el-comu-catala_-de-david-algarra\" target=\"_blank\" rel=\"noopener noreferrer\">Cugat.cat: L&#8217;Ateneu acull avui la presentaci\u00f3 del llibre &#8216;El com\u00fa catal\u00e0&#8217; de David Algarra<\/a><\/li>\n<li><a href=\"http:\/\/www.endavant.org\/acte\/el-comu-catala-la-historia-dels-que-no-surten-historia\/\" target=\"_blank\" rel=\"noopener noreferrer\">Endavant (OSAN) &#8211;\u00a0[Vilassar de Dalt] El Com\u00fa Catal\u00e0, la hist\u00f2ria dels que no surten hist\u00f2ria<\/a><\/li>\n<li><a href=\"http:\/\/www.vic.cat\/viure-a-vic\/educacio\/agenda\/david-algarra-bascon-el-comu-catala\" target=\"_blank\" rel=\"noopener noreferrer\">Ajuntament de Vic:\u00a0Tert\u00falia introdu\u00efda per David Algarra Basc\u00f3n, investigador de la hist\u00f2ria popular de Catalunya<\/a><\/li>\n<li><a href=\"http:\/\/osona.vilaweb.cat\/noticies\/el-forum-de-debats-organitza-una-tertulia-titulada-el-comu-catala-que-sera-introduida-per-david-algarra\/\" target=\"_blank\" rel=\"noopener noreferrer\">Vilaweb:\u00a0El F\u00f2rum de Debats organitza una tert\u00falia titulada \u201cEl com\u00fa catal\u00e0\u201d, que ser\u00e0 introdu\u00efda per David Algarra<\/a><\/li>\n<li><a href=\"https:\/\/www.youtube.com\/watch?v=ROcj-f5Qix8\" target=\"_blank\" rel=\"noopener noreferrer\">V\u00eddeo de la tert\u00falia del F\u00f2rum de Debats de Vic &#8211; El com\u00fa catal\u00e0<\/a><\/li>\n<li><a href=\"http:\/\/el9nou.cat\/video\/lluis-llach-david-algarra-david-algarra-jose-antonio-fernandez-barrios-i-pep-palau\/\" target=\"_blank\" rel=\"noopener noreferrer\">El 9 TV &#8211; Entrevista al David Algarra, autor del llibre El com\u00fa catal\u00e0<\/a><\/li>\n<li><a href=\"http:\/\/www.pikaramagazine.com\/2016\/12\/drets-mercat-i-violencia-estructural-canviem-de-paradigma\/\" target=\"_blank\" rel=\"noopener noreferrer\">Pikara Magazine &#8211; Drets, mercat i viol\u00e8ncia estructural. Canviem de paradigma?<\/a><\/li>\n<li><a href=\"http:\/\/integralivital.net\/2016\/12\/06\/de-constitucions-transicions-i-processos-constituents-catcast\/\" target=\"_blank\" rel=\"noopener noreferrer\">Integral i Vital &#8211; De constitucions, transicions i processos constituents<\/a><\/li>\n<li><a href=\"http:\/\/www.nativa.cat\/2016\/11\/materials-del-curs-de-cooperativisme-cultural\/\" target=\"_blank\" rel=\"noopener noreferrer\">Materials del curs de cooperativisme cultural &#8211;\u00a0Arrels i possibilitats del cooperativisme en cultura<\/a><\/li>\n<li><a href=\"http:\/\/agriculturadecatalunya.blogspot.com.es\/2016\/12\/els-boscos-municipals-i-el-comu.html\" target=\"_blank\" rel=\"noopener noreferrer\">Agricultura de Catalunya: Els boscos municipals i el com\u00fa<\/a><\/li>\n<li><a href=\"http:\/\/www.legitimistadigital.com\/2016\/12\/izquierda-unida-y-el-museo-del-carlismo.html\" target=\"_blank\" rel=\"noopener noreferrer\">Article del Legitimista Digital on surt citat &#8220;El com\u00fa catal\u00e0&#8221;<\/a><\/li>\n<li><a href=\"http:\/\/sants.org\/2016\/12\/13\/xerrada-el-comu-catala\/\" target=\"_blank\" rel=\"noopener noreferrer\">Sant.org: Xerrada El Com\u00fa catal\u00e0<\/a><\/li>\n<li><a href=\"http:\/\/alasbarricadas.org\/noticias\/node\/37768\" target=\"_blank\" rel=\"noopener noreferrer\">Lecturas en 2016<\/a><\/li>\n<li><a href=\"https:\/\/www.agrocultura.org\/david-algarra-bascon-comunals-obstacle-desenvolupament-capitalisme\/\" target=\"_blank\" rel=\"noopener noreferrer\">Entrevista a la revista Agrocultura:\u00a0\u201cEls comunals eren un obstacle per al desenvolupament del capitalisme\u201d<\/a><\/li>\n<li><a href=\"http:\/\/kaosenlared.net\/comun-mas-alla-de-la-propiedad-el-poder-y-el-capitalismo\/#sdfootnote54anc\" target=\"_blank\" rel=\"noopener noreferrer\">Com\u00fan. M\u00e1s all\u00e1 de la propiedad, el poder y el capitalismo<\/a><\/li>\n<li><a href=\"http:\/\/forumdedebats.vicentitats.cat\/diba_galery\/david-algarra-bascon-el-comu-catala\/\" target=\"_blank\" rel=\"noopener noreferrer\">Imatges de la tert\u00falia al F\u00f2rum de Debats de Vic<\/a><\/li>\n<li><a href=\"http:\/\/www.aulapopulargarciarua.org\/2016\/12\/xxi-semana-del-aula-popular-jl-garcia.html\" target=\"_blank\" rel=\"noopener noreferrer\">XXI Semana del Aula Popular JL Garc\u00eda R\u00faa &#8211;\u00a0Un pasado com\u00fan. Redescubriendo nuestros or\u00edgenes colectivos<\/a><\/li>\n<li><a href=\"http:\/\/www.lne.es\/gijon\/2017\/02\/04\/cesar-rendueles-aula-garcia-rua\/2052364.html\" target=\"_blank\" rel=\"noopener noreferrer\">C\u00e9sar Rendueles, en el Aula &#8220;Garc\u00eda R\u00faa&#8221;<\/a><\/li>\n<li><a href=\"https:\/\/archive.org\/details\/20170203DavidAlgarraYCsarRendueles\" target=\"_blank\" rel=\"noopener noreferrer\">Audio: Un pasado com\u00fan. Redescubriendo nuestros or\u00edgenes colectivos. Cesar Rendueles y David Algarra<\/a><\/li>\n<li><a href=\"https:\/\/www.revolucionintegral.org\/index.php\/blog\/item\/191-contra-el-discurso-islamofobo\" target=\"_blank\" rel=\"noopener noreferrer\">Espacio de Reflexi\u00f3n sobre Revoluci\u00f3n Integral: Contra el discurso islam\u00f3fobo<\/a><\/li>\n<li><a href=\"https:\/\/web.archive.org\/web\/20180809072036\/http:\/\/www.potlatch-ediciones.com\/el-comu-catala-2\/\" target=\"_blank\" rel=\"noopener noreferrer\">Potlatch Ediciones: El com\u00fa catal\u00e0<\/a><\/li>\n<li><a href=\"http:\/\/www.dialogodesaberes.com\/2017\/03\/la-historia-de-los-que-no-salen-en-la-historia\/\" target=\"_blank\" rel=\"noopener noreferrer\">Di\u00e1logo de saberes: La historia de los que no salen en la historia<\/a><\/li>\n<li><a href=\"https:\/\/www.youtube.com\/watch?v=TDUfE009IK8\" target=\"_blank\" rel=\"noopener noreferrer\">Bienes comunales, vida convivencial y econom\u00eda<\/a><\/li>\n<li><a href=\"http:\/\/www.naiz.eus\/es\/iritzia\/articulos\/desprecian-cuanto-ignoran-aclaraciones-a-un-articulo-del-ateneo-basilio-lacort\" target=\"_blank\" rel=\"noopener noreferrer\">Naiz: Desprecian cuanto ignoran<\/a><\/li>\n<li><a href=\"http:\/\/surtdecasa.cat\/penedes\/agenda\/parlem-del-llibre-el-comu-catala\/77455\" target=\"_blank\" rel=\"noopener noreferrer\">Parlem del llibre &#8220;El com\u00fa catal\u00e0&#8221;<\/a><\/li>\n<li><a href=\"http:\/\/www.noushoritzons.cat\/ca\/news\/politica-comu\" target=\"_blank\" rel=\"noopener noreferrer\">Col\u00b7laboraci\u00f3 en el monogr\u00e0fic sobre &#8220;La\u00a0pol\u00edtica del com\u00fa&#8221; del n\u00famero 215 de la revista Nous Horitzons<\/a><\/li>\n<li><a href=\"http:\/\/integralivital.net\/2017\/05\/01\/apunts-sobre-treball-economia-i-activisme-per-un-futur-post-capitalista-i-post-industrial\/\" target=\"_blank\" rel=\"noopener noreferrer\">Apunts sobre treball, economia i activisme per un futur post capitalista i post industrial<\/a><\/li>\n<li><a href=\"https:\/\/comunsdecatalunya.wordpress.com\/comu-catala\/\" target=\"_blank\" rel=\"noopener noreferrer\">Comuns de Catalunya<\/a><\/li>\n<li><a href=\"https:\/\/www.racocatala.cat\/forums\/fil\/204108\/couto-mixto-andorra-gallega\" target=\"_blank\" rel=\"noopener noreferrer\">Couto Mixto: una &#8216;Andorra gallega&#8217;<\/a><\/li>\n<li><a href=\"http:\/\/cup.cat\/noticia\/la-supervivencia-de-la-pagesia-volemterra\" target=\"_blank\" rel=\"noopener noreferrer\">Per la superviv\u00e8ncia de la pagesia. #VolemTerra!<\/a><\/li>\n<li><a href=\"https:\/\/espirirevol.wordpress.com\/2017\/05\/04\/natura-revolucio-espiritualitat\/\" target=\"_blank\" rel=\"noopener noreferrer\">2\u00aa trobada \u201cNatura, revoluci\u00f3 i espiritualitat\u201d<\/a><\/li>\n<li><a href=\"http:\/\/www.elsetembre.cat\/noticia\/179\/propietat\/robar\" target=\"_blank\" rel=\"noopener noreferrer\">La propietat \u00e9s robar. Santi Silva analitza com el capitalisme ha anat aprofundint en els \u00faltims dos segles en la despossessi\u00f3 dels b\u00e9ns comuns en favor de la propietat privada d&#8217;uns pocs<\/a><\/li>\n<li>La CUP denuncia els entrebancs que la Uni\u00f3 Europea posa als ajuntaments catalans per recuperar terres sense cultivar: <a href=\"https:\/\/www.llibertat.cat\/2017\/05\/la-cup-denuncia-els-entrebancs-la-unio-europea-posa-als-ajuntaments-catalans-per-recuperar-terres-se-38694\" target=\"_blank\" rel=\"noopener noreferrer\">Llibertat.cat<\/a>, <a href=\"http:\/\/www.regio7.cat\/bages\/2017\/05\/17\/navas-prepara-doble-jornada-sobre\/415162.html\" target=\"_blank\" rel=\"noopener noreferrer\">Regi\u00f3 7<\/a>, <a href=\"http:\/\/www.vilaweb.cat\/noticies\/la-cup-reivindicara-la-sobirania-alimentaria-amb-una-jornada-a-navas-barcelona\/\" target=\"_blank\" rel=\"noopener noreferrer\">Vilaweb<\/a>, <a href=\"http:\/\/www.manresadiari.cat\/noticies\/detail.php?id=30797\" target=\"_blank\" rel=\"noopener noreferrer\">Manresa Diari<\/a>, <a href=\"http:\/\/www.elpuntavui.cat\/economia\/article\/18-economia\/1145503-la-cup-alerta-que-la-pagesia-esta-en-risc-d-extincio.html\" target=\"_blank\" rel=\"noopener noreferrer\">El Punt Avui<\/a>, <a href=\"https:\/\/web.archive.org\/web\/20170902013312\/http:\/\/catzona.com\/la-cup-denuncia-els-entrebancs-la-unio-europea-posa-als-ajuntaments-catalans-per-recuperar-terres-sense-cultivar\" target=\"_blank\" rel=\"noopener noreferrer\">CATzona<\/a><\/li>\n<li><a href=\"https:\/\/ruralcat.gencat.cat\/documents\/20181\/125008\/Programa+comercialitzaci%C3%B3+2.pdf\/4b993c60-398c-4ce6-81e6-e1ef3141a2f1\" target=\"_blank\" rel=\"noopener noreferrer\">Dona valor afegit al teu producte. Curs de formaci\u00f3 de l\u2019Escola Agr\u00e0ria de Manresa. Sessi\u00f3 8: EL VALOR SOCIAL: Economia del b\u00e9 com\u00fa en l\u2019\u00e0mbit rural<\/a><\/li>\n<li><a href=\"https:\/\/espirirevol.wordpress.com\/2017\/05\/04\/natura-revolucio-espiritualitat\/\" target=\"_blank\" rel=\"noopener noreferrer\">Jornada sobre Natura, Revoluci\u00f3 i Espiritualitat. L\u2019arbre com a s\u00edmbol pol\u00edtic, resist\u00e8ncia ecol\u00f2gica i font espiritual de les comunitats<\/a><\/li>\n<li><a href=\"http:\/\/integralivital.net\/2017\/05\/22\/tornar-als-arbres\/\" target=\"_blank\" rel=\"noopener noreferrer\">Integral i Vital: Tornar als arbres<\/a><\/li>\n<li><a href=\"https:\/\/espirirevol.wordpress.com\/2017\/05\/30\/post-trobada-natura-espiritualitat-revolucio\/\" target=\"_blank\" rel=\"noopener noreferrer\">Post-trobada \u201cNatura, Espiritualitat, Revoluci\u00f3\u201d<\/a><\/li>\n<li>Lo Comunal. <a href=\"http:\/\/locomunal.colectivizaciones.org\/num-0-monedes-socials-criptomonedes-i-economia-comunal\/\" target=\"_blank\" rel=\"noopener noreferrer\">N\u00daM 0 : Monedes socials, criptomonedes i economia comunal<\/a><\/li>\n<li>CIC:\u00a0<a href=\"https:\/\/cooperativa.cat\/ja-ha-sortit-lo-comunal-revista-bimensual-de-la-revolucio-integral\/\" target=\"_blank\" rel=\"noopener noreferrer\">Ja ha sortit \u00abLo Comunal\u00bb, revista bimensual de la revoluci\u00f3 integral!<\/a><\/li>\n<li>EcoDiari:\u00a0<a href=\"http:\/\/www.naciodigital.cat\/ecodiari\/noticia\/10084\/ja\/sortit\/comunal\/revista\/bimensual\/revolucio\/integral\" target=\"_blank\" rel=\"noopener noreferrer\">Ja ha sortit \u00abLo Comunal\u00bb, revista bimensual de la revoluci\u00f3 integral!<\/a><\/li>\n<li><a href=\"https:\/\/timefortruth.es\/2017\/08\/15\/la-historia-de-los-que-no-salen-en-la-historia\/\" target=\"_blank\" rel=\"noopener noreferrer\">Alish-Time for truth: La historia de los que no salen en la historia<\/a><\/li>\n<li><a href=\"https:\/\/www.youtube.com\/watch?v=nz7mfrfEU4o\" target=\"_blank\" rel=\"noopener noreferrer\">Entrevista d&#8217;Al\u00edcia Ninou: La historia desde abajo<\/a><\/li>\n<li><a href=\"https:\/\/www.youtube.com\/watch?v=fsOhYtsSZjM\" target=\"_blank\" rel=\"noopener noreferrer\">V\u00eddeo de la presentaci\u00f3 a Arb\u00facies<\/a><\/li>\n<li><a href=\"http:\/\/alcyonemasacritica.blogspot.com.es\/2017\/08\/el-comu-catala.html\" target=\"_blank\" rel=\"noopener noreferrer\">Alcyone Masa Cr\u00edtica: El Com\u00fa Catal\u00e0<\/a><\/li>\n<li><a href=\"https:\/\/web.archive.org\/web\/20180729085144\/http:\/\/www.felixrodrigomora.org\/la-historia-de-los-que-no-salen-en-la-historia-entrevista-a-david-algarra\/\" target=\"_blank\" rel=\"noopener noreferrer\">F\u00e9lix Rodrigo Mora: La historia de los que no salen en la historia<\/a><\/li>\n<li><a href=\"https:\/\/www.revolucionintegral.org\/index.php\/blog\/item\/234-la-historia-desde-abajo\" target=\"_blank\" rel=\"noopener noreferrer\">Revoluci\u00f3n integral: La historia desde abajo<\/a><\/li>\n<li><a href=\"http:\/\/iberiamagica.blogspot.com.es\/2017\/08\/parc-de-can-mula-arboles-de-junta-y.html\" target=\"_blank\" rel=\"noopener noreferrer\">La Iberia M\u00e1gica:\u00a0Parc de Can Mul\u00e0: \u00e1rboles de junta y concejo, Mollet del Vall\u00e8s<\/a><\/li>\n<li><a href=\"https:\/\/twitter.com\/XaviPalos\/status\/902251818805325824\" target=\"_blank\" rel=\"noopener noreferrer\">Xavier Palos recomana &#8220;El com\u00fa catal\u00e0&#8221;<\/a><\/li>\n<li><a href=\"https:\/\/books.google.es\/books?id=lRowDwAAQBAJ&amp;pg=PA249&amp;lpg=PA249&amp;dq=%22Chapter+12.+Cognitive+frames,+imaginaries+and+discursive+constructions%22&amp;source=bl&amp;ots=GJNwPFl7Nb&amp;sig=TjLXS2OOzQE42o861CJl-cMjLLI&amp;hl=es&amp;sa=X&amp;ved=0ahUKEwjt1MDe8YbWAhUFZ1AKHYe1Co4Q6AEIJDAC#v=onepage&amp;q=Algarra&amp;f=false\" target=\"_blank\" rel=\"noopener noreferrer\">&#8220;El com\u00fa catal\u00e0&#8221; surt a la bibliografia del llibre &#8220;Developing New Identities in Social Conflicts: Constructivist perspectives&#8221;, editat per\u00a0Esperanza Morales-L\u00f3pez,Alan Floyd<\/a><\/li>\n<li><a href=\"http:\/\/ictlogy.net\/bibliography\/reports\/projects.php?idp=3136\" target=\"_blank\" rel=\"noopener noreferrer\">ICTLogy: El com\u00fa catal\u00e0<\/a><\/li>\n<li>Rafael Rodrigo Navarro: <a href=\"http:\/\/www.elcomu.cat\/wp-content\/uploads\/2017\/09\/EL-ESPIRITU-LATE-POR-CATALU%C3%91A.pdf\" target=\"_blank\" rel=\"noopener noreferrer\">El esp\u00edritu late por Catalu\u00f1a<\/a><\/li>\n<li>F\u00e9lix Rodrigo Mora: <a href=\"https:\/\/esfuerzoyservicio.blogspot.com.es\/2017\/10\/cataluna-por-su-liberacion.html\" target=\"_blank\" rel=\"noopener noreferrer\">Catalu\u00f1a por su liberaci\u00f3n<\/a><\/li>\n<li>Xavier L\u00f2pez:\u00a01-O. <a href=\"https:\/\/cooperativa.cat\/1-o-discutim-el-model-destat-o-el-model-de-societat-independencia-o-estat-a-la-catalunya-dahir-i-davui\/\" target=\"_blank\" rel=\"noopener noreferrer\">Discutim el model d\u2019Estat, o el model de societat? Independ\u00e8ncia o Estat a la Catalunya d\u2019ahir i d\u2019avui<\/a><\/li>\n<li>Pablo Sastre y Laia Vidal: <a href=\"https:\/\/independenciasensestat.cat\/2017\/09\/16\/raices-identidades-territorios-mas-alla-del-estado-y-por-un-cambio-liberador\/\" target=\"_blank\" rel=\"noopener noreferrer\">Ra\u00edces, identidades, territorios. M\u00e1s all\u00e1 del Estado y por un cambio liberador<\/a><\/li>\n<li><a href=\"http:\/\/independenciasenseestat.cat\/historia\/\" target=\"_blank\" rel=\"noopener noreferrer\">Independ\u00e8ncia sense Estat<\/a><\/li>\n<li>F\u00e9lix Rodrigo Mora:\u00a0<a href=\"https:\/\/esfuerzoyservicio.blogspot.com.es\/2017\/11\/la-hora-de-la-reflexion-hacia-una.html\" target=\"_blank\" rel=\"noopener noreferrer\">LA HORA DE LA REFLEXI\u00d3N. Hacia una estrategia para la liberaci\u00f3n popular-nacional de Catalu\u00f1a<\/a><\/li>\n<li>Can Tonal: <a href=\"https:\/\/web.archive.org\/web\/20180510161048\/http:\/\/cantonal.net:80\/2017\/10\/fesc\/\" target=\"_blank\" rel=\"noopener noreferrer\">VI Fira d\u2019Economia Solid\u00e0ria de Catalunya<\/a><\/li>\n<li><a href=\"http:\/\/fesc.xes.cat\/wp-content\/uploads\/sites\/10\/2017\/10\/SUPLEMENT-FESC-17-WEB1.pdf\" target=\"_blank\" rel=\"noopener noreferrer\">InfoXes FESC2017<\/a><\/li>\n<li>Independ\u00e8ncia Sense Estat:\u00a0<a href=\"http:\/\/independenciasenseestat.cat\/comunals-catalunya-edat-mitjana\/\" target=\"_blank\" rel=\"noopener noreferrer\">B\u00e9ns i drets comunals a Catalunya a l\u2019Edat Mitjana<\/a><\/li>\n<li>Independ\u00e8ncia Sense Estat:\u00a0<a href=\"http:\/\/independenciasenseestat.cat\/autogovern-catalunya-edat-mitjana\/\" target=\"_blank\" rel=\"noopener noreferrer\">Autogovern popular a Catalunya a l\u2019Edat Mitjana<\/a><\/li>\n<li><a href=\"https:\/\/web.archive.org\/web\/20180812013118\/http:\/\/www.potlatch-ediciones.com\/2017\/10\/15\/ii-encuentro-de-reflexion-sobre-revolucion-integral-recopilacion-de-textos\/\" target=\"_blank\" rel=\"noopener noreferrer\">II ENCUENTRO DE REFLEXI\u00d3N SOBRE REVOLUCI\u00d3N INTEGRAL. Recopilaci\u00f3n de textos<\/a><\/li>\n<li>Tesi doctoral Ricard Espelt: <a href=\"http:\/\/www.cooperatives.barcelona\/wp-content\/uploads\/2017\/03\/20161031_PHD_PROPOSAL_RICARD_ESPELT.pdf\" target=\"_blank\" rel=\"noopener noreferrer\">CONSUM AUTOGESTIONAT EN L\u2019ERA DE LA SOCIETAT XARXA. El paper de les TIC en el consum cooperatiu de productes agroalimentaris<\/a>\u00a0\/ <a href=\"http:\/\/www.cooperatives.barcelona\/projecte\/\" target=\"_blank\" rel=\"noopener noreferrer\">cooperatives.barcelona<\/a><\/li>\n<li><a href=\"http:\/\/fesc.xes.cat\/wp-content\/uploads\/sites\/10\/2017\/10\/SUPLEMENT-FESC-17-WEB1.pdf\" target=\"_blank\" rel=\"noopener noreferrer\">FESC 2017 Infoxes<\/a><\/li>\n<li><a href=\"http:\/\/fesc.xes.cat\/fira2017\/programa-activitats-i-xerrades\/\" target=\"_blank\" rel=\"noopener noreferrer\">FESC 2017 Programa d&#8217;activitats<\/a><\/li>\n<li>Regi\u00f3 7:\u00a0<a href=\"http:\/\/www.regio7.cat\/economia\/2017\/10\/21\/leconomia-del-comu-lambit-rural\/440001.html\" target=\"_blank\" rel=\"noopener noreferrer\">L&#8217;economia del b\u00e9 com\u00fa en l&#8217;\u00e0mbit rural, en una jornada de l&#8217;Escola Agr\u00e0ria<\/a><\/li>\n<li>Xtec.cat: <a href=\"http:\/\/agora.xtec.cat\/ecamanresa\/wp-content\/uploads\/usu866\/2017\/01\/Manresa_be-comu_031117_170546.pdf\" target=\"_blank\" rel=\"noopener noreferrer\">Economia del b\u00e9 com\u00fa a l&#8217;\u00e0mbit rural. El com\u00fa catal\u00e0<\/a>.<\/li>\n<li>Ivan Mir\u00f3: <a href=\"http:\/\/www.laciutatinvisible.coop\/noticies\/articles\/commons-coop-vers-lautogovern-del-comu\/\" target=\"_blank\" rel=\"noopener noreferrer\">Commons &amp; Coop: vers l\u2019autogovern del com\u00fa<\/a><\/li>\n<li>Independ\u00e8ncia sense Estat.\u00a0<a href=\"http:\/\/independenciasenseestat.cat\/solidaritats-catalunya-edat-mitjana\/\" target=\"_blank\" rel=\"noopener noreferrer\">Les solidaritats a Catalunya a l\u2019Edat Mitjana<\/a><\/li>\n<li><a href=\"http:\/\/surtdecasa.cat\/centre\/agenda\/2017\/conferencia-el-comu-catala-la-historia-dels-que-no-surten-la-historia\/96272\" target=\"_blank\" rel=\"noopener noreferrer\">Confer\u00e8ncia a Piera &#8216;El com\u00fa catal\u00e0, la hist\u00f2ria dels que no surten a la hist\u00f2ria&#8217;<\/a><\/li>\n<li>Revista Lo Comunal n0. <a href=\"https:\/\/issuu.com\/elleflane\/docs\/lo_comunal_num0\" target=\"_blank\" rel=\"noopener noreferrer\">L\u2019economia comunal. David Algarra<\/a><\/li>\n<li>La Directa: <a href=\"https:\/\/www.setmanaridirecta.cat\/actualitat\/silvia-tomas-trio-estrena-curtmetratge-una-historia-recordar\" target=\"_blank\" rel=\"noopener noreferrer\">S\u00edlvia Tom\u00e0s Trio estrena el curtmetratge &#8216;Una hist\u00f2ria per recordar&#8217;<\/a><\/li>\n<li>15 15 15 Revista para unha nova civilizaci\u00f3n: <a href=\"https:\/\/www.15-15-15.org\/webzine\/2017\/12\/04\/videoclip-unha-historia-por-lembrar-de-silvia-tomas-trio\/\" target=\"_blank\" rel=\"noopener noreferrer\">[V\u00cdDEOCLIP] \u00abUnha historia por lembrar\u00bb, de S\u00edlvia Tom\u00e0s Trio<\/a><\/li>\n<li>Soberan\u00eda Alimentaria, Biodiversidad y Culturas: <a href=\"http:\/\/soberaniaalimentaria.info\/otros-documentos\/actividades\/491-silvia-tomas-trio\" target=\"_blank\" rel=\"noopener noreferrer\">S\u00edlvia Tom\u00e0s Trio. Una hist\u00f2ria per recordar<\/a><\/li>\n<li>Xarxa Terra:\u00a0<a href=\"https:\/\/xarxaterra.noblogs.org\/post\/2017\/07\/25\/bens-comuns\/\" target=\"_blank\" rel=\"noopener noreferrer\">Els b\u00e9ns comuns, segles de resist\u00e8ncia contra lleis i mesures pol\u00edtiques de privatitzaci\u00f3<\/a><\/li>\n<li>Refer\u00e8ncia a <a href=\"http:\/\/repositori.uji.es\/xmlui\/bitstream\/handle\/10234\/172070\/Alonso_Ibarra_Aleg%20re_Lorenz.pdf?sequence=1&amp;isAllowed=y\" target=\"_blank\" rel=\"noopener noreferrer\"><em>Reclutamiento, encuadramiento y experiencia de guerra<\/em><\/a> de\u00a0Miguel Alonso Ibarra i David Alegre Lorenz.<\/li>\n<li>Refer\u00e8ncia a <em><a href=\"http:\/\/repositori.uji.es\/xmlui\/bitstream\/handle\/10234\/172108\/Millars%2043_2017_2.pdf?sequence=1&amp;isAllowed=y\" target=\"_blank\" rel=\"noopener noreferrer\">Mercenarios, conscriptos, voluntarios y ciudadanos-soldado<\/a><\/em>. XLIII 2017\/2. Millars. Espai i Hist\u00f2ria.<\/li>\n<li>El setembre: <a href=\"http:\/\/www.elsetembre.cat\/noticia\/398\/primeres\/jornades\/comunitzant\/osona\/presenten\/alternatives\/habitatge\/economia\/formacio\" target=\"_blank\" rel=\"noopener noreferrer\">Les primeres jornades \u00abComunitzant Osona\u00bb presenten alternatives en habitatge, economia i formaci\u00f3<\/a>.<\/li>\n<li>Refer\u00e8ncia al treball de final de grau <a href=\"https:\/\/dugi-doc.udg.edu\/bitstream\/handle\/10256\/14782\/MuntanyaMasanaMarc_Treball.pdf?sequence=1&amp;isAllowed=y\" target=\"_blank\" rel=\"noopener noreferrer\"><em>Usos comunals de la terra a la Catalunya moderna, segles XVI-XVIII<\/em><\/a> de Marc August Muntanya Masana i dirigit per Rosa Congost.<\/li>\n<li>Refer\u00e8ncia a la tesi doctoral\u00a0<em><a href=\"https:\/\/ddd.uab.cat\/record\/187179?ln=ca\" target=\"_blank\" rel=\"noopener noreferrer\">Representaci\u00f3n de conflictos de clase antes y despu\u00e9s de la crisis: an\u00e1lisis cr\u00edtico comparativo del discurso de procesos de segurizaci\u00f3n acerca de rescates financieros y usurpaci\u00f3n de propiedades privadas<\/a><\/em> de Galv\u00e3o Debelle dos Santos.<\/li>\n<li>Refer\u00e8ncies al llibre<em>\u00a0<a href=\"http:\/\/antisexisme.cat\/2017\/11\/25\/25n-llibre\/\" target=\"_blank\" rel=\"noopener noreferrer\">Juntes contra el sexisme i l\u2019opressi\u00f3<\/a><\/em> del\u00a0Grup de Reflexi\u00f3 i Suport Antisexista.<\/li>\n<li>Rocaguinarda Cooperativa Cultural. <a href=\"https:\/\/mailchi.mp\/a2726d049124\/febrer-a-rocaguinarda\" target=\"_blank\" rel=\"noopener noreferrer\">BUTLLET\u00cd FEBRER 2018<\/a>. Editorial. El com\u00fa, all\u00f2 que \u00e9s de tots i de totes<\/li>\n<li>Refer\u00e8ncies al llibre <em><a href=\"http:\/\/www.laciutatinvisible.coop\/wp-content\/uploads\/2017\/11\/Eines_1_IvanMiro_baixa.pdf\" target=\"_blank\" rel=\"noopener noreferrer\">Esmolen les eines.\u00a0Debats de l\u2019Economia Solid\u00e0ria per a la Transformaci\u00f3 Social Materials de l\u2019Escola de l\u2019Economia Solid\u00e0ria de Catalunya<\/a><\/em>. Capitol\u00a03. Common &amp; Coops. Vers l\u2019autogovern del com\u00fa. Ivan Mir\u00f3.<\/li>\n<li>Verkami: <a href=\"https:\/\/www.verkami.com\/locale\/ca\/projects\/20049-komun-assemblearisme-i-comunalisme-a-euskal-herria\">KOMUN, assemblearisme i comunalisme a Euskal Herria L&#8217;assemblea i el com\u00fa s\u00f3n tradicions mil\u00b7len\u00e0ries, avui m\u00e9s necess\u00e0ries que mai. Pablo Sastre Forest ens porta un assaig conc\u00eds i necessari.<\/a><\/li>\n<li><a href=\"https:\/\/integralivital.net\/2018\/04\/06\/dels-llibertaris-i-la-llibertat\/\" target=\"_blank\" rel=\"noopener noreferrer\">Dels llibertaris i la llibertat. Passat, present i futur de l\u2019anarquisme i el fet catal\u00e0<\/a><\/li>\n<li>Grupo Tortuga:\u00a0<a href=\"http:\/\/www.grupotortuga.com\/Micromecenazgo-para-traducir-y\" target=\"_blank\" rel=\"noopener noreferrer\">Micromecenazgo para traducir y editar \u201cKomun. Assemblearisme i Comunalisme Populars a Euskal Herria\u201d, de Pablo Sastre<\/a><\/li>\n<li>XES.CAT: <a href=\"http:\/\/xes.cat\/2018\/04\/30\/xes-procomuns-confluencia-del-procomu-less\/\" target=\"_blank\" rel=\"noopener noreferrer\">XES Procomuns: per la conflu\u00e8ncia del procom\u00fa i l\u2019ESS<\/a><\/li>\n<li>Instituci\u00f3 Catalana d&#8217;Estudis Agraris (ICEA):\u00a0<a href=\"http:\/\/icea.iec.cat\/2018\/05\/31\/taula-rodona-sobre-la-gestio-del-bosc-public-de-propietat-municipal\/\" target=\"_blank\" rel=\"noopener noreferrer\">Taula rodona sobre la gesti\u00f3 del bosc p\u00fablic de propietat municipal<\/a><\/li>\n<li>Regi\u00f37:\u00a0<a href=\"http:\/\/www.regio7.cat\/cerdanya-alt-urgell\/2018\/05\/18\/acollira-juny-debat-sobre-futur\/476479.html\" target=\"_blank\" rel=\"noopener noreferrer\">La Seu acollir\u00e0 el juny un debat sobre el futur i la utilitat dels boscos municipals<\/a><\/li>\n<li>Revista Cooperaci\u00f3 Catalana n\u00fam. 422: <a href=\"https:\/\/issuu.com\/fundaciorocagales\/docs\/cooperaciocatalana_422_ok\/13\" target=\"_blank\" rel=\"noopener noreferrer\">Entrevista a David Algarra<\/a><\/li>\n<li>Qu\u00e8 llegeixes?\u00a0<a href=\"https:\/\/web.archive.org\/web\/20181013144710\/http:\/\/quellegeixes.cat\/llibres\/komun-assemblearisme-i-comunalisme-euskal-herria\" target=\"_blank\" rel=\"noopener noreferrer\">Komun. Assemblearisme i Comunalisme a Euskal Herria<\/a><\/li>\n<li>Diari Ara. Gustavo Duch. <a href=\"https:\/\/www.ara.cat\/opinio\/Gustavo-Duch-comu-catala_0_2077592341.html\" target=\"_blank\" rel=\"noopener noreferrer\">El com\u00fan catal\u00e1n.<\/a><\/li>\n<li>Vida Verda &#8211; RNE:\u00a0<a href=\"http:\/\/www.rtve.es\/alacarta\/audios\/vida-verda\/vida-verda-transgenics-comu-catala-bcn-honey-fest\/4727559\/\" target=\"_blank\" rel=\"noopener noreferrer\">Vida verda &#8211; Transg\u00e8nics + El Com\u00fa Catal\u00e0 + BCN Honey Fest<\/a><\/li>\n<li>Catotze.cat:\u00a0 <a href=\"http:\/\/www.catorze.cat\/noticia\/10968\/hist\/ria\/col\/lectiva\" target=\"_blank\" rel=\"noopener noreferrer\">La llibreria Rocaguinarda recomana \u00abEl com\u00fa catal\u00e0\u00bb, de David Algarra Basc\u00f3n<\/a><\/li>\n<li>Qu\u00e8 llegeixes?\u00a0<a href=\"http:\/\/www.quellegeixes.cat\/llibres\/el-comu-catala-la-historia-dels-que-no-surten-la-historia\" target=\"_blank\" rel=\"noopener noreferrer\">El com\u00fa catal\u00e0. La hist\u00f2ria dels que no surten a la hist\u00f2ria.<\/a><\/li>\n<li>COOPERATIVES DE CONSUM AGROECOL\u00d2GIC DE PLATAFORMA.El paper de les Tecnologies de la Informaci\u00f3 i la Comunicaci\u00f3. en el consum cooperatiu de productes agroecol\u00f2gics. <a href=\"http:\/\/www.cooperatives.barcelona\/wp-content\/uploads\/2018\/10\/COOP_BCN_Espelt.pdf\" target=\"_blank\" rel=\"noopener noreferrer\">Tesi doctoral de Ricard Espelt<\/a><\/li>\n<li><a href=\"http:\/\/www.xirinacs.org\/wp\/2018\/10\/09\/trobades-del-19-i-el-26-de-octubre-presentacio-de-llibres\/\" target=\"_blank\" rel=\"noopener noreferrer\">La Fundaci\u00f3 Randa &#8211; Llu\u00eds M. Xirinacs i la xarxa de la Revoluci\u00f3 Integral us conviden a les trobades del 19 i 26 d\u2019octubre.<\/a><\/li>\n<li><em>El com\u00fan catal\u00e1n<\/em> esmentat al llibre <em><a href=\"https:\/\/www.tirant.com\/editorial\/ebook\/despoblacion-y-abandono-de-la-espana-rural-el-imposible-vencido-luis-del-romero-renau-9788417069896\" target=\"_blank\" rel=\"noopener noreferrer\">Despoblaci\u00f3n y Abandono de la Espa\u00f1a Rural. El Imposible Vencido<\/a>\u00a0<\/em>de Luis del Romero Renau.<\/li>\n<li>Vinar\u00f2s News:\u00a0<a href=\"http:\/\/www.vinarosnews.net\/xerrada-de-david-algarra-sobre-el-comu-catala\/\" target=\"_blank\" rel=\"noopener noreferrer\">Xerrada de David Algarra sobre \u201cEl Com\u00fa Catal\u00e0\u201d<\/a><\/li>\n<li>Jaume Marfany:\u00a0<a href=\"https:\/\/jmarfany.blogspot.com\/2018\/11\/elcomu-catala-la-historia-dels-que-no.html?fbclid=IwAR0VPNbz8gF-4gjtzQxFqcTkfZePKVVvnswDLTMMo8NfU_WFcPaQYK9T6cw\" target=\"_blank\" rel=\"noopener noreferrer\">El com\u00fa catal\u00e0. La hist\u00f2ria dels que no surten a la hist\u00f2ria (DAVANTAL del programa n\u00fam. 116 de LA CLAU de la nostra hist\u00f2ria)<\/a><\/li>\n<li>Programa La clau de la nostra hist\u00f2ria a ETV, la televisi\u00f3 del Baix Llobregat. <a href=\"https:\/\/etv.alacarta.cat\/la-clau-de-la-nostra-historia\/capitol\/el-comu-catala-la-historia-dels-que-no-surten-a-la-historia?fbclid=IwAR2QCgTf8-KWRLBZu0b1Fw95wQGzbfAys9CIGsEvh0T_6zuakRkqoHvg02c\" target=\"_blank\" rel=\"noopener noreferrer\">El Com\u00fa catal\u00e0. La hist\u00f2ria dels que no surten a la hist\u00f2ria.<\/a><\/li>\n<li>Bloc de Vilaweb &#8211; Observant el temps i la vida: <a href=\"https:\/\/blocs.mesvilaweb.cat\/ildecp\/?p=272730&amp;fbclid=IwAR3vonf0fGuCcFQg684H_C3QeluWoTd9EK2HCUisKDCtYruiiFqfLSlNDgw\" target=\"_blank\" rel=\"noopener noreferrer\">Pablo Sastre: aprimar l\u2019Estat amb assemblees populars i sobiranes. Una proposta de gesti\u00f3 democr\u00e0tica del com\u00fa.<\/a><\/li>\n<li>Bloc de Vilaweb &#8211; Observant el temps i la vida: <a href=\"https:\/\/blocs.mesvilaweb.cat\/ildecp\/?p=272794&amp;fbclid=IwAR0fGgN0QTJcO2rqoY1n21HNTmjPSFnDVk9qJlLIfKk8Mz87-RKNTXhgzL4\" target=\"_blank\" rel=\"noopener noreferrer\">David Algarra: El com\u00fa catal\u00e0. Il\u00b7luminar l\u2019Edat Mitjana per posar-la al servei del nostre futur.<\/a><\/li>\n<li>Can Jaumet\u00f3: <a href=\"https:\/\/canjaumeto.files.wordpress.com\/2018\/01\/elrebostcomunal.pdf\" target=\"_blank\" rel=\"noopener noreferrer\">El Rebost Comunal.<\/a><\/li>\n<li>Anarquismo frente a los nacionalismos.\u00a0<a href=\"http:\/\/www.aurorafundacion.org\/IMG\/pdf\/Anarquismo_frente_a_los_nacionalismos_Web.pdf\" target=\"_blank\" rel=\"noopener noreferrer\">De los libertarios y la libertad. Pasado, presente y futuro del anarquismo y el hecho catal\u00e1n<\/a>, por Laia Vidal. Grupo de Reflexi\u00f3n para la Autonom\u00eda.<\/li>\n<li>Setmanari L&#8217;Ebre:\u00a0<a href=\"https:\/\/www.setmanarilebre.cat\/opinio\/97523\/del-llibre-negre-al-comu-catala\" target=\"_blank\" rel=\"noopener noreferrer\">Del Llibre Negre al Com\u00fa Catal\u00e0<\/a>, per Xavier Garcia.<\/li>\n<li><a href=\"http:\/\/uniterra.cat\/events\/en-cami\/\" target=\"_blank\" rel=\"noopener noreferrer\">Uniterra en cam\u00ed<\/a><\/li>\n<li>Refer\u00e8ncia a <a href=\"https:\/\/books.google.es\/books?id=T8RsDwAAQBAJ&amp;printsec=frontcover&amp;hl=es&amp;source=gbs_ge_summary_r&amp;cad=0#v=onepage&amp;q&amp;f=false\" target=\"_blank\" rel=\"noopener noreferrer\">&#8220;Anarquistas de ultramar: Anarquismo, indigenismo, descolonizaci\u00f3n&#8221;<\/a> de Carlos Taibo.<\/li>\n<li>Cauac Editorial Nativa: <a href=\"http:\/\/cauac.org\/uncategorized\/la-historia-de-los-que-no-salen-en-la-historia\/\" target=\"_blank\" rel=\"noopener noreferrer\">Anuncio de la edici\u00f3n actualizada 2018 (castellano).<\/a><\/li>\n<li>Refer\u00e8ncia a &#8220;<a href=\"https:\/\/www.academia.edu\/38410643\/Un_imaginario_incompatible_El_concepto_de_Desarrollo_en_la_Econom%C3%ADa_Solidaria\" target=\"_blank\" rel=\"noopener noreferrer\">Un imaginario incompatible: El concepto de Desarrollo en la Econom\u00eda Solidaria<\/a>&#8220;.\u00a0Investigando Econom\u00edas Solidarias, 2018<\/li>\n<li>Art\u00edculo &#8220;Construir desde abajo&#8221; de David Algarra Basc\u00f3n en el <a href=\"https:\/\/soberaniaalimentaria.info\/numeros-publicados\/69-numero-34\/635-portada-34\" target=\"_blank\" rel=\"noopener noreferrer\">n\u00famero 34<\/a> de la revista Soberan\u00eda Alimentaria. Biodiversidad y culturas.<\/li>\n<li>Revista Contexto: <a href=\"https:\/\/ctxt.es\/es\/20190717\/Firmas\/27381\/Gustavo-Duch-tribuna-Montfalco-Murallat-Lerida-Catalunya-Comun.htm\" target=\"_blank\" rel=\"noopener noreferrer\">Los comunales, una piedra y un pescado.<\/a><\/li>\n<li>Refer\u00e8ncia a &#8220;<a href=\"https:\/\/sembrallibres.com\/llibres\/el-poder-del-poble\/\" target=\"_blank\" rel=\"noopener noreferrer\">El poder del poble. L&#8217;autoorganitzaci\u00f3 ve\u00efnal dels CDR<\/a>&#8221; de Xavier Milian Nebot.<\/li>\n<li>Refer\u00e8ncia a &#8220;<a href=\"https:\/\/dag.revista.uab.es\/article\/view\/ep-del-romero\" target=\"_blank\" rel=\"noopener noreferrer\">Ecoviles a Espanya: buscant una transformaci\u00f3 social emancipadora?<\/a>&#8221; de\u00a0Luis del Romero Renau.\u00a0 Universitat de Val\u00e8ncia. Departament de Geografia. Juliol 2019<\/li>\n<li>Cauac. <a href=\"https:\/\/cauac.org\/libros\/el-comun-catalan\/\" target=\"_blank\" rel=\"noopener noreferrer\">Ficha del libro El com\u00fan catal\u00e1n en castellano<\/a>.\u00a0<\/li>\n<li>diariodevurgos.com. <a href=\"https:\/\/diariodevurgos.com\/dvwps\/charla-debate-en-csr-gamonal-bienes-y-usos-comunales-historia-de-una-desposesion-global.php\" target=\"_blank\" rel=\"noopener noreferrer\">Charla-debate en CSR Gamonal: \u201cBienes y usos comunales. Historia de una desposesi\u00f3n global\u201d<\/a><\/li>\n<li>Jos\u00e9 Escribano Maenza. <a href=\"https:\/\/josefranciscoescribanomaenza.wordpress.com\/2019\/02\/06\/el-comun-catalan\/\" target=\"_blank\" rel=\"noopener noreferrer\">El com\u00fan catal\u00e1n.<\/a><\/li>\n<li>Revoluci\u00f3n Integral. <a href=\"https:\/\/www.revolucionintegral.org\/index.php\/blog\/item\/327-traducido-el-comu-catala\" target=\"_blank\" rel=\"noopener noreferrer\">El com\u00fan catal\u00e1n.<\/a><\/li>\n<li>Rebeli\u00f3n.\u00a0<a href=\"https:\/\/www.rebelion.org\/noticia.php?id=258530\" target=\"_blank\" rel=\"noopener noreferrer\">Los comunales, una piedra y un pescado<\/a>. Gustavo Duch<\/li>\n<li>Soberan\u00eda Alimentaria.\u00a0<a href=\"https:\/\/www.soberaniaalimentaria.info\/numeros-publicados\/71-numero-36\/702-resenya-costumbres-en-comun\" target=\"_blank\" rel=\"noopener noreferrer\">La necesidad de la autoorganizaci\u00f3n democr\u00e1tica del pueblo<\/a>.\u00a0Rese\u00f1a de\u00a0Costumbres en com\u00fan. Estudios sobre la cultura popular, de E. P. Thompson. Editado por Capit\u00e1n Swing.<\/li>\n<li>Diario Palentino.\u00a0<a href=\"https:\/\/www.diariopalentino.es\/noticia\/Z85C7A44D-AB85-6C5E-BE5404F6FFBB1EA1\/201911\/Los-bienes-y-usos-comunales-protagonistas-en-Aguilar\" target=\"_blank\" rel=\"noopener noreferrer\">Los bienes y usos comunales, protagonistas en Aguilar<\/a>.<\/li>\n<li>Ateneu Llibertari Alom\u00e0.\u00a0<a href=\"https:\/\/ateneutgn.ourproject.org\/2019\/11\/16-de-novembre-comunisme-llibertari\/\" target=\"_blank\" rel=\"noopener noreferrer\">El Comunalisme. Antecedents d\u2019una forma diferent de propietat de la terra<\/a>.<\/li>\n<li>Mem\u00f2ria de barri de la Torrassa i Collblanc. <a href=\"http:\/\/memoriadebarrilatorrassa.blogspot.com\/2019\/06\/vestigis-de-la-casa-de-bellvis.html\" target=\"_blank\" rel=\"noopener noreferrer\">Vestigis de la Casa de Bellv\u00eds<\/a>. Confer\u00e8ncia de David Algarra al barri.<\/li>\n<li><a href=\"https:\/\/www.viruseditorial.net\/ca\/libreria\/fondo\/7267\/\" target=\"_blank\" rel=\"noopener noreferrer\">Llibre negre III<\/a> de Jordi Mart\u00ed i Font.<\/li>\n<li>VilaWeb. <a href=\"https:\/\/blocs.mesvilaweb.cat\/jordimartif69\/?p=276408\" target=\"_blank\" rel=\"noopener noreferrer\">El Llibre Negre, tres volums i 1.300 p\u00e0gines #llibrenegre<\/a>.<\/li>\n<li>Espacios Inseguros.\u00a0<a href=\"https:\/\/espaciosinseguros.com\/espana-expolio-liberal-y-nacionalizacion-impositiva\/\" target=\"_blank\" rel=\"noopener noreferrer\">Espa\u00f1a: expolio liberal y nacionalizaci\u00f3n impositiva<\/a>.<\/li>\n<li><a href=\"https:\/\/dlc.dlib.indiana.edu\/dlc\/bitstream\/handle\/10535\/10616\/2J2.pdf?sequence=1&amp;isAllowed=y\" target=\"_blank\" rel=\"noopener noreferrer\">THE EVOLUTION OF THE COMMONS THROUGH THE TRIAD OF DWELLING, SOCIALISATION AND PRODUCTION<\/a>.\u00a0A methodology applied to the area of influence of the Llobregat River (Catalonia). Javier Rocamonde, Melisa Pesoa, Natalia Alvaredo, Joaqu\u00edn Sabat\u00e9. XVII Biennial IASC Conference \u201cIn Defense of the Commons: Challenges, Innovation, and Action\u201d(Lima &#8211; July 2019).<\/li>\n<li><a href=\"http:\/\/www.udl.cat\/export\/sites\/universitat-lleida\/ca\/serveis\/ODEC\/.galleries\/docs\/Definitiu_AL-VOLTANT-DE-leconomia-social-i-solidaria-2.pdf\" target=\"_blank\" rel=\"noopener noreferrer\">Al voltant de l&#8217;economia social i solid\u00e0ria<\/a>.\u00a0Quaderns de Desenvolupament i Cooperaci\u00f3 de la UdL.<\/li>\n<li>El blog de Nan\u00edn. <a href=\"https:\/\/blognanin.blogspot.com\/2019\/02\/la-huella-de-los-diggers.html\">La huella de los Diggers<\/a>.<\/li>\n<li>Al encuentro de quien busca.\u00a0<a href=\"https:\/\/alencuentrodequienbusca.wordpress.com\/2019\/12\/17\/espana-expolio-liberal-y-nacionalizacion-impositiva-iii\/\" target=\"_blank\" rel=\"noopener noreferrer\">Espa\u00f1a: expolio liberal y nacionalizaci\u00f3n impositiva\u00a0(III)<\/a>.<\/li>\n<li>Malandia. <a href=\"https:\/\/malandia.cat\/tag\/les-campanes\/\" target=\"_blank\" rel=\"noopener noreferrer\">Les campanes i els Sants de la Pedra.<\/a><\/li>\n<li>Observant el temps i la vida. <a href=\"https:\/\/blocs.mesvilaweb.cat\/ildecp\/?p=273766\" target=\"_blank\" rel=\"noopener noreferrer\">Esclaus i bruixes a l\u2019origen del sistema econ\u00f2mic actual. Una lli\u00e7\u00f3 de saviesa des del feminisme.<\/a><\/li>\n<li><a href=\"http:\/\/www.iaph.es\/revistaph\/index.php\/revistaph\/article\/view\/4513\/5837\" target=\"_blank\" rel=\"noopener noreferrer\">Los bienes comunales y el patrimonio como estrategia frente a la despoblaci\u00f3n. Una mirada desde el mundo masovero.<\/a> Luis del Romero Renau | Departament de Geograf\u00eda i Institut Interuniversitari de Desenvolupament Local, Universitat de Val\u00e8ncia.<\/li>\n<li>Malandia.<a href=\"https:\/\/malandia.cat\/2020\/06\/el-feudalisme-la-dona\/\" target=\"_blank\" rel=\"noopener noreferrer\"> El feudalisme, la dona i els Sants de la Pedra.<\/a><\/li>\n<li>El Corro. <a href=\"https:\/\/elcorro.org\/2020\/06\/14\/covid-19-chivo-expiatorio-de-un-colapso-global\/\" target=\"_blank\" rel=\"noopener noreferrer\">COVID-19: chivo expiatorio de un colapso global.<\/a><\/li>\n<li>Baladre. <a href=\"https:\/\/www.coordinacionbaladre.org\/noticia\/esquema-basico-raices-comunales-apuntes-curso-municipalismocomunalismo\" target=\"_blank\" rel=\"noopener noreferrer\">Esquema b\u00e1sico sobre ra\u00edces comunales. Apuntes para un Curso sobre Municipalismo\/Comunalismo.<\/a><\/li>\n<li>Unilateral.cat. <a href=\"http:\/\/unilateral.cat\/2020\/03\/29\/un-gran-poder-comporta-una-gran-responsabilitat\/\" target=\"_blank\" rel=\"noopener noreferrer\">Un gran poder comporta una gran responsabilitat.<\/a><\/li>\n<li>Caramella 42. <a href=\"http:\/\/www.revistacaramella.cat\/el_bosc\/\" target=\"_blank\" rel=\"noopener noreferrer\">El bosc.<\/a><\/li>\n<li><a href=\"https:\/\/publicacions.iec.cat\/repository\/pdf\/00000287\/00000024.pdf\" target=\"_blank\" rel=\"noopener noreferrer\">Patrimonis emergents: el paisatges pirinencs com a comuns.<\/a> ELS USOS DEL PATRIMONI AL PIRINEU. 15es Trobades Culturals Pirinenques: 229-235 (2019) Societat Andorrana de Ci\u00e8ncies, Andorra. DOI: 10.2436\/15.8060.17.24 ISBN: 978-99920-61-50-3.<\/li>\n<li><a href=\"https:\/\/www.raco.cat\/index.php\/Querol\/article\/view\/367994\/461886\" target=\"_blank\" rel=\"noopener noreferrer\">\u00abUn cap\u00edtol de la hist\u00f2ria de Queixans. Cal Junoy, hisendats i masovers (1814-2014)\u00bb<\/a>. Querol. Revista Cultural de Cerdanya, 2020, N\u00fam. 26, p. 40-62, Gar\u00e7on Peyr\u00ed, Sofia.\u00a0<\/li>\n<li>Agrologia: <a href=\"https:\/\/agrologia.wordpress.com\/2020\/11\/04\/la-historia-social-rural-de-la-pagesia-comunal-a-lindividualisme-capitalista-a-catalunya\/\" target=\"_blank\" rel=\"noopener noreferrer\">La hist\u00f2ria social rural: de la pagesia comunal a l\u2019individualisme capitalista (a\u00a0Catalunya)<\/a><\/li>\n<li>La resist\u00e8ncia. <a href=\"https:\/\/laresistencia.cat\/portfolio\/textual-els-comunals\/\" target=\"_blank\" rel=\"noopener noreferrer\">[TEXTUAL] Els comunals<\/a><\/li>\n<li>El Salto Diario: <a href=\"https:\/\/www.elsaltodiario.com\/1492\/los-comunes-coloniales-y-la-descolonizacion-de-la-izquierda\" target=\"_blank\" rel=\"noopener noreferrer\">Los comunes coloniales y la descolonizaci\u00f3n de la izquierda<\/a><\/li>\n<li>Trapote Carpintero, Irene\u00a0(2020)\u00a0<a href=\"https:\/\/eprints.ucm.es\/63101\/?fbclid=IwAR2DcNk1bacxunlah1c3wHAF7KpsuRCWnu7KMk3pjJJ_RHJW_wJZGnCQcV0\" target=\"_blank\" rel=\"noopener noreferrer\">Tomar tierra, echar ra\u00edces. Pr\u00e1cticas art\u00edsticas colaborativas para la formaci\u00f3n de comunidad<\/a>.\u00a0[Trabajo Fin de Grado]<\/li>\n<li>Partecipazione e Conflitto [Participation and Conflict] is an International Journal based in Italy specialized in social and political studies. Vol. 13, No. 3 (2020). Special Issue on: \u201cSquatting and Urban Commons\u201d &amp; \u201cJudicial Populism\u201d. Galv\u00e3o Debelle dos Santos. <a href=\"http:\/\/siba-ese.unisalento.it\/index.php\/paco\/article\/view\/23050\" target=\"_blank\" rel=\"noopener noreferrer\">Squatting, Commons and Conflict: A Discussion of Squatting&#8217;s Challenges to the Commons<\/a><\/li>\n<li><a href=\"https:\/\/ddd.uab.cat\/record\/235637?ln=ca\" target=\"_blank\" rel=\"noopener noreferrer\">&#8220;Dones que lluiten des de baix a l\u2019esquerra. Una mirada al feminisme comunitari des de Chiapas&#8221;<\/a>. Clara Basiana Ca\u00f1ellas. Treball de Fi de Grau. Facultat de Ci\u00e8ncies de la Comunicaci\u00f3.<\/li>\n<li><a href=\"https:\/\/usa.anarchistlibraries.net\/library\/peter-gelderloos-worshipping-power.a4.pdf\" target=\"_blank\" rel=\"noopener noreferrer\">Worshiping Power. An Anarchist View of Early State Formation<\/a>. Peter Gelderloos<\/li>\n<li>Reconstruir el Comunal. <a href=\"https:\/\/reconstruirelcomunal.suportmutu.org\/milicies-municipals-edat-mitjana\/\" target=\"_blank\" rel=\"noopener\">Una societat organitzada per a la guerra: les mil\u00edcies municipals ib\u00e8riques a l\u2019Edat Mitjana central<\/a><\/li>\n<li>Cristianisme i Just\u00edcia. <a href=\"http:\/\/www.cristianismeijusticia.net\/recuperar-els-bens-comuns-reivindicar-el-bon-viure\" target=\"_blank\" rel=\"noopener\">Recuperar els b\u00e9ns comuns, reivindicar el bon viure.<\/a><\/li>\n<li><a href=\"https:\/\/odysee.com\/@sobiraniaisalut-molletdelvalles:c\/El-Comu%CC%81-Catala_1:2\" target=\"_blank\" rel=\"noopener\">V\u00eddeo Xerrada El com\u00fa catal\u00e0, David Algarra &#8211; SiS Mollet del Vall\u00e8s, 12\/3\/2022<\/a><\/li>\n<li>El Diari de la Sanitat &#8211; <a href=\"https:\/\/diarisanitat.cat\/els-bens-comuns-i-la-seva-governanca\/\" target=\"_blank\" rel=\"noopener\">Els b\u00e9ns comuns i la seva governan\u00e7a<\/a><\/li>\n<li>12\u00aa Jornada de la cabra catalana. Vilanova de Mei\u00e0 + IV Encuentro de Pastorxs en Resistencia. <a href=\"https:\/\/www.youtube.com\/watch?v=kbmGytG9k48\" target=\"_blank\" rel=\"noopener\">Xerrada sobre el com\u00fa catal\u00e0. \u201cEl com\u00fa catal\u00e0\u201d o la necesidad del resurgimiento de la cultura comunal.<\/a><\/li>\n<li>Jornades d\u2019hist\u00f2ria cr\u00edtica d\u2019Escornalbou. Duesaig\u00fces. <a href=\"http:\/\/duesaigues.wiki\/index.php\/Fitxer:Llegats_comunitaris_dels_Pa%C3%AFsos_Catalans_-_Segarra,_Algarra,_Vidal_-_2022.ogg\" target=\"_blank\" rel=\"noopener\">Llegats comunitaris de la Catalunya Nova i el Pa\u00eds Valenci\u00e0.<\/a><\/li>\n<li><a href=\"https:\/\/ivoox.com\/en\/tot-es-tots-res-ningu-david-audios-mp3_rf_93641935_1.html\" target=\"_blank\" rel=\"noopener\">David Algarra, autor d\u2019\u00abEl com\u00fa catal\u00e0. La hist\u00f2ria dels que no surten a la hist\u00f2ria\u00bb\u00a0al programa de r\u00e0dio\u00a0\u00abM\u00e0ximum Clatellot\u00bb\u00a0d\u2019en Roger Pe\u00e0lez, amb l\u2019historiador Orland Mena.\u00a0<\/a><\/li>\n<li><a href=\"https:\/\/revistes.ub.edu\/index.php\/estudishistoriaagraria\/issue\/view\/2786\" target=\"_blank\" rel=\"noopener\">Revista Estudis d&#8217;hist\u00f2ria agr\u00e0ria. No 34 (2022)<\/a>: Cat\u00e0strofes i Canvi Social. Article \u00abFrau pag\u00e8s i pressi\u00f3 senyorial. El cas de la Vall d&#8217;en Bas a Catalunya, segle xvi\u00bb Joan Antoni Padr\u00f3s.<\/li>\n<li>Bloc de Jaume Renyer. <a href=\"https:\/\/blocs.mesvilaweb.cat\/jrenyer\/la-propiedad-de-la-tierra-en-el-pirineo-y-su-aprovechamiento-transfronterizo-repensar-el-comunal-del-siglo-xxi\/\" target=\"_blank\" rel=\"noopener\">La propiedad de la tierra en el Pirineo y su aprovechamiento transfronterizo: repensar el comunal del siglo XXI.<\/a><\/li>\n<li>Portal Libertario Oaca. <a href=\"https:\/\/www.portaloaca.com\/historia\/otroshistoria\/de-la-ekklesia-revolucionaria-a-la-iglesia-del-poder-el-primer-cristianismo-contra-el-imperio\/\" target=\"_blank\" rel=\"noopener\">De la \u00abekklesia\u00bb revolucionaria a la Iglesia del poder. El primer cristianismo contra el Imperio.<\/a><\/li>\n<li>Observar, llegir, escriure. Canvi clim\u00e0tic, cr\u00edtica liter\u00e0ria, ci\u00e8ncia, consci\u00e8ncia social, des del Camp de T\u00faria. <a href=\"https:\/\/blocs.mesvilaweb.cat\/ildecp\/assolir-el-poder-politic-real-lapoderament-de-debo-el-municipalisme-llibertari\/\" target=\"_blank\" rel=\"noopener\">Assolir el poder pol\u00edtic real, l\u2019apoderament de deb\u00f2. El municipalisme llibertari.<\/a><\/li>\n<li><a href=\"https:\/\/inguruak.eus\/index.php\/inguruak\/article\/view\/211\" target=\"_blank\" rel=\"noopener\">La influencia de la competici\u00f3n geopol\u00edtica internacional en la formaci\u00f3n del capitalismo<\/a>. Esteban Vidal.<\/li>\n<li>Desenvolupament rural i noves habitabilitats. <a href=\"https:\/\/www.micropobles.cat\/wp-content\/uploads\/2023\/03\/Politiques-dhabitatge-en-petits-municipis.pdf\" target=\"_blank\" rel=\"noopener\">B\u00e9ns comunals i noves habitabilitats al medi rural.<\/a> Luis del Romero Renau.<\/li>\n<li><a href=\"https:\/\/www.ncbi.nlm.nih.gov\/pmc\/articles\/PMC9632419\/#B3\" target=\"_blank\" rel=\"noopener\">Counter hegemony, popular education, and resistances: A systematic literature review on the squatters\u2019 movement<\/a>. Julia Ballesteros-Quilez, Pablo Rivera-Vargas and Judith Jacovkis.<\/li>\n<li><a href=\"https:\/\/riunet.upv.es\/handle\/10251\/183334\" target=\"_blank\" rel=\"noopener\">Educaci\u00f3n (en l\u00ednea) para el desarrollo sostenible.<\/a> G Carb\u00f3 Ribugent, R Servalls Munar.<\/li>\n<li><a href=\"https:\/\/www.amerindiaenlared.org\/uploads\/adjuntos\/202202\/1644240094_Zh2CN3vc.pdf\" target=\"_blank\" rel=\"noopener\">Recuperar los bienes comunes, reivindicar el buen vivir.<\/a> Joan Carrera y David Murillo.<\/li>\n<li><a href=\"https:\/\/terra.bibliotecadigital.gencat.cat\/handle\/20.500.13045\/645\" target=\"_blank\" rel=\"noopener\">Els termes tradicionals dels pobles del Pallars Juss\u00e0 i els b\u00e9ns comunals.<\/a> Departament de Pol\u00edtiques Digitals i Territori. Institut per al Desenvolupament i la Promoci\u00f3 de l&#8217;Alt Pirineu i Aran (IDAPA).<\/li>\n<li><a href=\"https:\/\/scholarship.rice.edu\/handle\/1911\/113216\" target=\"_blank\" rel=\"noopener\">\u201cAnother Economy [Is Possible] Already Exists\u201d: Making Democratic Worlds One Day at a Time in Barcelona.<\/a> Gimenez Aliaga, Victor.<\/li>\n<li><a href=\"https:\/\/terra.bibliotecadigital.gencat.cat\/handle\/20.500.13045\/643\" target=\"_blank\" rel=\"noopener\">Els termes tradicionals dels pobles de l&#8217;Alt Urgell i els b\u00e9ns comunals.<\/a> Departament de Territori i Sostenibilitat. Institut per al Desenvolupament i la Promoci\u00f3 de l&#8217;Alt Pirineu i Aran (IDAPA). Fundaci\u00f3 del M\u00f3n Rural.<\/li>\n<li><a href=\"https:\/\/terra.bibliotecadigital.gencat.cat\/handle\/20.500.13045\/641\" target=\"_blank\" rel=\"noopener\">B\u00e9ns comunals i termes tradicionals del Pallars Sobir\u00e0: [un sistema d&#8217;organitzaci\u00f3 del passat per gestionar el present].<\/a> Departament de Territori i Sostenibilitat. Institut per al Desenvolupament i la Promoci\u00f3 de l&#8217;Alt Pirineu i Aran (IDAPA). Fundaci\u00f3 del M\u00f3n Rural.<\/li>\n<li><a href=\"https:\/\/theanarchistlibrary.org\/library\/peter-gelderloos-worshipping-power\" target=\"_blank\" rel=\"noopener\">Worshiping Power. An Anarchist View of Early State Formation.<\/a> Peter Gelderloos<\/li>\n<\/ul><\/div>\n<\/p><\/div>\n<div class=\"builder-text-column builder-text-column-2\" id=\"builder-section-1446229143529-column-2\">\n<div class=\"builder-text-content\">\n<h3>Suscripci\u00f3n<\/h3>\n<p>Rellena el siguiente formulario para recibir informaci\u00f3n relacionada con el libro:<\/p>\n<form enctype=\"application\/x-www-form-urlencoded\" action=\"http:\/\/newsletter.elcomu.cat\/ccm\/subscribe\/index\/form\/\" method=\"post\" data-trp-original-action=\"http:\/\/newsletter.elcomu.cat\/ccm\/subscribe\/index\/form\/\">\n<dl class=\"zend_form\">\n<dt id=\"name-label\">\n <label for=\"name\" class=\"optional\">Nombre<\/label>\n <\/dt>\n<dd id=\"name-element\">\n <input type=\"text\" name=\"name\" id=\"name\" value=\"\"><\/dd>\n<dt id=\"f_1-label\">\n <label for=\"f_1\" class=\"optional\">Apellidos<\/label>\n <\/dt>\n<dd id=\"f_1-element\">\n <input type=\"text\" name=\"f_1\" id=\"f_1\" value=\"\"><\/dd>\n<dt id=\"email-label\">\n <label for=\"email\" class=\"required\">Email<\/label>\n <\/dt>\n<dd id=\"email-element\">\n <input type=\"text\" name=\"email\" id=\"email\" value=\"\"><\/dd>\n<p> <input type=\"checkbox\" name=\"groups[]\" id=\"groups-2\" value=\"2\" checked style=\"display:none\"><\/p>\n<dt id=\"f_2-label\">\n <label for=\"f_2\" class=\"optional\">Poblaci\u00f3n<\/label>\n <\/dt>\n<dd id=\"f_2-element\">\n <input type=\"text\" name=\"f_2\" id=\"f_2\" value=\"\"><\/dd>\n<dt id=\"anotheremail-label\"> <\/dt>\n<dd id=\"anotheremail-element\">\n <input type=\"text\" name=\"anotheremail\" id=\"anotheremail\" value=\"\" style=\"position: absolute; left: -5000px\" tabindex=\"-1\"><\/dd>\n<dt id=\"submit-label\"> <\/dt>\n<dd id=\"submit-element\">\n <input type=\"submit\" name=\"submit\" id=\"submit\" value=\"Subscribir\"><\/dd>\n<\/dl>\n<input type=\"hidden\" name=\"trp-form-language\" value=\"es\"\/><\/form><\/div>\n<\/p><\/div>\n<\/p><\/div>\n<\/p><\/div>\n<\/section>","protected":false},"excerpt":{"rendered":"<p>Sinopsi \u201cEl com\u00fa catal\u00e0\u201d \u00abEl t\u00edtol d&#8217;aquest llibre t\u00e9 una ra\u00f3 de ser: se centra en les persones, que s\u00f3n les que creen totes les manifestacions humanes, en contraposici\u00f3 amb l&#8217;economicisme i la veneraci\u00f3 general del poder olig\u00e0rquic, imperant de l&#8217;actualitat, que les deixa en un segon terme. El com\u00fa \u00e9s molt m\u00e9s que la &hellip;<\/p>","protected":false},"author":1,"featured_media":0,"parent":0,"menu_order":0,"comment_status":"closed","ping_status":"open","template":"template-builder.php","meta":{"footnotes":""},"_links":{"self":[{"href":"http:\/\/elcomu.cat\/es\/wp-json\/wp\/v2\/pages\/2"}],"collection":[{"href":"http:\/\/elcomu.cat\/es\/wp-json\/wp\/v2\/pages"}],"about":[{"href":"http:\/\/elcomu.cat\/es\/wp-json\/wp\/v2\/types\/page"}],"author":[{"embeddable":true,"href":"http:\/\/elcomu.cat\/es\/wp-json\/wp\/v2\/users\/1"}],"replies":[{"embeddable":true,"href":"http:\/\/elcomu.cat\/es\/wp-json\/wp\/v2\/comments?post=2"}],"version-history":[{"count":309,"href":"http:\/\/elcomu.cat\/es\/wp-json\/wp\/v2\/pages\/2\/revisions"}],"predecessor-version":[{"id":1535,"href":"http:\/\/elcomu.cat\/es\/wp-json\/wp\/v2\/pages\/2\/revisions\/1535"}],"wp:attachment":[{"href":"http:\/\/elcomu.cat\/es\/wp-json\/wp\/v2\/media?parent=2"}],"curies":[{"name":"wp","href":"https:\/\/api.w.org\/{rel}","templated":true}]}}